{"id":9168,"date":"2026-07-14T01:00:12","date_gmt":"2026-07-13T23:00:12","guid":{"rendered":"https:\/\/www.tourismus.dachau.de\/?post_type=events_heimatinfo&#038;p=9168"},"modified":"2026-09-01T01:00:22","modified_gmt":"2026-08-31T23:00:22","slug":"rudi-zapf-und-zapfnstreich-weltwaerts","status":"publish","type":"events_heimatinfo","link":"https:\/\/www.tourismus.dachau.de\/es\/veranstaltungskalender\/rudi-zapf-und-zapfnstreich-weltwaerts\/","title":{"rendered":"Rudi Zapf und Zapf\u2019nstreich \u2013 Weltw\u00e4rts"},"content":{"rendered":"<p>Rudi Zapf y Zapf\u2019nstreich encienden un fuego artificial de m\u00fasica del mundo con dulc\u00e9mel, saxof\u00f3n, clarinete, flauta travesera, guitarra, contrabajo y vibrandone\u00f3n. Las melod\u00edas alpinas se encuentran con el jazz, los ritmos balc\u00e1nicos, el flamenco, el klezmer y los sonidos latinos. Con virtuosismo, sorpresa y llenos de alegr\u00eda por tocar, los cuatro m\u00fasicos combinan la tradici\u00f3n con sonidos de todo el mundo. Adem\u00e1s, Rudi Zapf garantiza el mejor entretenimiento con encanto e ingenio verbal.<\/p>\n<p>Entrada: 20 \u20ac, reducida: 17 \u20ac<\/p>\n<p>Entrada: 19:30<\/p>\n<p>Preventa:<br \/>\nNaturkostinsel en la M\u00fcnchner Str. 52, Dachau o a trav\u00e9s de la venta de entradas online: ticketino.com<\/p>\n<p>Contacto:<br \/>\nKleinkunstb\u00fchne Leierkasten Dachau<br \/>\nUhdestr. 2, 85221<\/p>\n<p>Tel\u00e9fono: 08131 \u2013 55195<br \/>\nCorreo electr\u00f3nico: info@leierkasten-dachau.de<br \/>\nP\u00e1gina principal: www.leierkasten-dachau.de<\/p>","protected":false},"excerpt":{"rendered":"<p>Rudi Zapf &amp; Zapf\u2019nstreich entfachen ein weltmusikalisches Feuerwerk mit Hackbrett, Saxophon, Klarinette, Querfl\u00f6te, Gitarre, Kontrabass und Vibrandoneon. Alpine Melodien treffen auf Latin, Balkan-Beats, Flamenco, Klezmer und Jazz. Virtuos, \u00fcberraschend und voller Spielfreude verbinden die vier Musiker Tradition mit Kl\u00e4ngen aus aller Welt. Dazu sorgt Rudi Zapf mit Charme und Wortwitz f\u00fcr beste Unterhaltung. Eintritt: 20 [&hellip;]<\/p>\n","protected":false},"featured_media":0,"template":"","class_list":["post-9168","events_heimatinfo","type-events_heimatinfo","status-publish","hentry"],"yoast_head":"<!-- This site is optimized with the Yoast SEO plugin v28.3 - https:\/\/yoast.com\/product\/yoast-seo-wordpress\/ -->\n<title>Rudi Zapf und Zapf&#039;nstreich - Weltw\u00e4rts - Dachau Tourismus<\/title>\n<meta name=\"robots\" content=\"index, follow, max-snippet:-1, max-image-preview:large, max-video-preview:-1\" \/>\n<link rel=\"canonical\" href=\"https:\/\/www.tourismus.dachau.de\/es\/veranstaltungskalender\/rudi-zapf-und-zapfnstreich-weltwaerts\/\" \/>\n<meta property=\"og:locale\" content=\"es_ES\" \/>\n<meta property=\"og:type\" content=\"article\" \/>\n<meta property=\"og:title\" content=\"Rudi Zapf und Zapf&#039;nstreich - Weltw\u00e4rts - Dachau Tourismus\" \/>\n<meta property=\"og:description\" content=\"Rudi Zapf &amp; Zapf\u2019nstreich entfachen ein weltmusikalisches Feuerwerk mit Hackbrett, Saxophon, Klarinette, Querfl\u00f6te, Gitarre, Kontrabass und Vibrandoneon. Alpine Melodien treffen auf Latin, Balkan-Beats, Flamenco, Klezmer und Jazz. Virtuos, \u00fcberraschend und voller Spielfreude verbinden die vier Musiker Tradition mit Kl\u00e4ngen aus aller Welt. Dazu sorgt Rudi Zapf mit Charme und Wortwitz f\u00fcr beste Unterhaltung. Eintritt: 20 [&hellip;]\" \/>\n<meta property=\"og:url\" content=\"https:\/\/www.tourismus.dachau.de\/es\/veranstaltungskalender\/rudi-zapf-und-zapfnstreich-weltwaerts\/\" \/>\n<meta property=\"og:site_name\" content=\"Dachau Tourismus\" \/>\n<meta property=\"article:modified_time\" content=\"2026-08-31T23:00:22+00:00\" \/>\n<meta name=\"twitter:card\" content=\"summary_large_image\" \/>\n<script type=\"application\/ld+json\" class=\"yoast-schema-graph\">{\"@context\":\"https:\\\/\\\/schema.org\",\"@graph\":[{\"@type\":\"WebPage\",\"@id\":\"https:\\\/\\\/www.tourismus.dachau.de\\\/veranstaltungskalender\\\/rudi-zapf-und-zapfnstreich-weltwaerts\\\/\",\"url\":\"https:\\\/\\\/www.tourismus.dachau.de\\\/veranstaltungskalender\\\/rudi-zapf-und-zapfnstreich-weltwaerts\\\/\",\"name\":\"Rudi Zapf und Zapf'nstreich - Weltw\u00e4rts - Dachau Tourismus\",\"isPartOf\":{\"@id\":\"https:\\\/\\\/www.tourismus.dachau.de\\\/#website\"},\"datePublished\":\"2026-07-13T23:00:12+00:00\",\"dateModified\":\"2026-08-31T23:00:22+00:00\",\"breadcrumb\":{\"@id\":\"https:\\\/\\\/www.tourismus.dachau.de\\\/veranstaltungskalender\\\/rudi-zapf-und-zapfnstreich-weltwaerts\\\/#breadcrumb\"},\"inLanguage\":\"es\",\"potentialAction\":[{\"@type\":\"ReadAction\",\"target\":[\"https:\\\/\\\/www.tourismus.dachau.de\\\/veranstaltungskalender\\\/rudi-zapf-und-zapfnstreich-weltwaerts\\\/\"]}]},{\"@type\":\"BreadcrumbList\",\"@id\":\"https:\\\/\\\/www.tourismus.dachau.de\\\/veranstaltungskalender\\\/rudi-zapf-und-zapfnstreich-weltwaerts\\\/#breadcrumb\",\"itemListElement\":[{\"@type\":\"ListItem\",\"position\":1,\"name\":\"Startseite\",\"item\":\"https:\\\/\\\/www.tourismus.dachau.de\\\/\"},{\"@type\":\"ListItem\",\"position\":2,\"name\":\"Rudi Zapf und Zapf&#8217;nstreich &#8211; Weltw\u00e4rts\"}]},{\"@type\":\"WebSite\",\"@id\":\"https:\\\/\\\/www.tourismus.dachau.de\\\/#website\",\"url\":\"https:\\\/\\\/www.tourismus.dachau.de\\\/\",\"name\":\"Dachau Tourismus\",\"description\":\"Wir freuen uns \u00fcber Ihren Besuch auf unserer Website.\",\"publisher\":{\"@id\":\"https:\\\/\\\/www.tourismus.dachau.de\\\/#organization\"},\"potentialAction\":[{\"@type\":\"SearchAction\",\"target\":{\"@type\":\"EntryPoint\",\"urlTemplate\":\"https:\\\/\\\/www.tourismus.dachau.de\\\/?s={search_term_string}\"},\"query-input\":{\"@type\":\"PropertyValueSpecification\",\"valueRequired\":true,\"valueName\":\"search_term_string\"}}],\"inLanguage\":\"es\"},{\"@type\":\"Organization\",\"@id\":\"https:\\\/\\\/www.tourismus.dachau.de\\\/#organization\",\"name\":\"Dachau Tourismus\",\"url\":\"https:\\\/\\\/www.tourismus.dachau.de\\\/\",\"logo\":{\"@type\":\"ImageObject\",\"inLanguage\":\"es\",\"@id\":\"https:\\\/\\\/www.tourismus.dachau.de\\\/#\\\/schema\\\/logo\\\/image\\\/\",\"url\":\"\",\"contentUrl\":\"\",\"caption\":\"Dachau Tourismus\"},\"image\":{\"@id\":\"https:\\\/\\\/www.tourismus.dachau.de\\\/#\\\/schema\\\/logo\\\/image\\\/\"}}]}<\/script>\n<!-- \/ Yoast SEO plugin. -->","yoast_head_json":{"title":"Rudi Zapf und Zapf'nstreich - Weltw\u00e4rts - Dachau Tourismus","robots":{"index":"index","follow":"follow","max-snippet":"max-snippet:-1","max-image-preview":"max-image-preview:large","max-video-preview":"max-video-preview:-1"},"canonical":"https:\/\/www.tourismus.dachau.de\/es\/veranstaltungskalender\/rudi-zapf-und-zapfnstreich-weltwaerts\/","og_locale":"es_ES","og_type":"article","og_title":"Rudi Zapf und Zapf'nstreich - Weltw\u00e4rts - Dachau Tourismus","og_description":"Rudi Zapf &amp; Zapf\u2019nstreich entfachen ein weltmusikalisches Feuerwerk mit Hackbrett, Saxophon, Klarinette, Querfl\u00f6te, Gitarre, Kontrabass und Vibrandoneon. Alpine Melodien treffen auf Latin, Balkan-Beats, Flamenco, Klezmer und Jazz. Virtuos, \u00fcberraschend und voller Spielfreude verbinden die vier Musiker Tradition mit Kl\u00e4ngen aus aller Welt. Dazu sorgt Rudi Zapf mit Charme und Wortwitz f\u00fcr beste Unterhaltung. Eintritt: 20 [&hellip;]","og_url":"https:\/\/www.tourismus.dachau.de\/es\/veranstaltungskalender\/rudi-zapf-und-zapfnstreich-weltwaerts\/","og_site_name":"Dachau Tourismus","article_modified_time":"2026-08-31T23:00:22+00:00","twitter_card":"summary_large_image","schema":{"@context":"https:\/\/schema.org","@graph":[{"@type":"WebPage","@id":"https:\/\/www.tourismus.dachau.de\/veranstaltungskalender\/rudi-zapf-und-zapfnstreich-weltwaerts\/","url":"https:\/\/www.tourismus.dachau.de\/veranstaltungskalender\/rudi-zapf-und-zapfnstreich-weltwaerts\/","name":"Rudi Zapf und Zapf'nstreich - Weltw\u00e4rts - Dachau Tourismus","isPartOf":{"@id":"https:\/\/www.tourismus.dachau.de\/#website"},"datePublished":"2026-07-13T23:00:12+00:00","dateModified":"2026-08-31T23:00:22+00:00","breadcrumb":{"@id":"https:\/\/www.tourismus.dachau.de\/veranstaltungskalender\/rudi-zapf-und-zapfnstreich-weltwaerts\/#breadcrumb"},"inLanguage":"es","potentialAction":[{"@type":"ReadAction","target":["https:\/\/www.tourismus.dachau.de\/veranstaltungskalender\/rudi-zapf-und-zapfnstreich-weltwaerts\/"]}]},{"@type":"BreadcrumbList","@id":"https:\/\/www.tourismus.dachau.de\/veranstaltungskalender\/rudi-zapf-und-zapfnstreich-weltwaerts\/#breadcrumb","itemListElement":[{"@type":"ListItem","position":1,"name":"Startseite","item":"https:\/\/www.tourismus.dachau.de\/"},{"@type":"ListItem","position":2,"name":"Rudi Zapf und Zapf&#8217;nstreich &#8211; Weltw\u00e4rts"}]},{"@type":"WebSite","@id":"https:\/\/www.tourismus.dachau.de\/#website","url":"https:\/\/www.tourismus.dachau.de\/","name":"Turismo en Dachau","description":"Esperamos su visita a nuestro sitio web.","publisher":{"@id":"https:\/\/www.tourismus.dachau.de\/#organization"},"potentialAction":[{"@type":"SearchAction","target":{"@type":"EntryPoint","urlTemplate":"https:\/\/www.tourismus.dachau.de\/?s={search_term_string}"},"query-input":{"@type":"PropertyValueSpecification","valueRequired":true,"valueName":"search_term_string"}}],"inLanguage":"es"},{"@type":"Organization","@id":"https:\/\/www.tourismus.dachau.de\/#organization","name":"Turismo en Dachau","url":"https:\/\/www.tourismus.dachau.de\/","logo":{"@type":"ImageObject","inLanguage":"es","@id":"https:\/\/www.tourismus.dachau.de\/#\/schema\/logo\/image\/","url":"","contentUrl":"","caption":"Dachau Tourismus"},"image":{"@id":"https:\/\/www.tourismus.dachau.de\/#\/schema\/logo\/image\/"}}]}},"_links":{"self":[{"href":"https:\/\/www.tourismus.dachau.de\/es\/wp-json\/wp\/v2\/events_heimatinfo\/9168","targetHints":{"allow":["GET"]}}],"collection":[{"href":"https:\/\/www.tourismus.dachau.de\/es\/wp-json\/wp\/v2\/events_heimatinfo"}],"about":[{"href":"https:\/\/www.tourismus.dachau.de\/es\/wp-json\/wp\/v2\/types\/events_heimatinfo"}],"wp:attachment":[{"href":"https:\/\/www.tourismus.dachau.de\/es\/wp-json\/wp\/v2\/media?parent=9168"}],"curies":[{"name":"wp","href":"https:\/\/api.w.org\/{rel}","templated":true}]}}