{"id":9179,"date":"2026-07-14T01:00:11","date_gmt":"2026-07-13T23:00:11","guid":{"rendered":"https:\/\/www.tourismus.dachau.de\/?post_type=events_heimatinfo&#038;p=9179"},"modified":"2026-09-03T01:00:24","modified_gmt":"2026-09-02T23:00:24","slug":"schwanen-eva-sotriffer-bozen-it","status":"publish","type":"events_heimatinfo","link":"https:\/\/www.tourismus.dachau.de\/es\/veranstaltungskalender\/schwanen-eva-sotriffer-bozen-it\/","title":{"rendered":"Schwanen \u2013 Eva Sotriffer, Bozen IT"},"content":{"rendered":"<p>Demasiado grande, demasiado largo, demasiado delgado, demasiado tembloroso, demasiado gris, demasiado lento, \u00a1demasiado torpe! \u00bfPor qu\u00e9 soy diferente a todos los dem\u00e1s? El peque\u00f1o patito no tiene suerte. En todas partes choca con los dem\u00e1s, no encaja en ninguna parte y, s\u00ed, es feo de todos modos. As\u00ed, el patito tropieza de una situaci\u00f3n desagradable a la siguiente. En el proceso, se encuentra con la soledad, la exclusi\u00f3n, el rechazo y no poca crueldad. Pero entonces algo empieza a alborear en su interior. \u00bfDe d\u00f3nde sale de repente esa ala? Teatro de t\u00edteres (casi) sin palabras, libremente basado en \u201eEl patito feo\u201c de H.C. Andersen.<\/p>\n<p>Entradas \u2013 Ni\u00f1os \/ Adultos: 7 \u20ac<\/p>\n<p>Entrada: 15:20, Duraci\u00f3n: 45 min.<\/p>\n<p>Edad: Ni\u00f1os a partir de 4 a\u00f1os<\/p>\n<p>Preventa: Naturkostinsel en la M\u00fcnchner Str. 52, Dachau o a trav\u00e9s de la venta de entradas en l\u00ednea: ticketino.com<\/p>\n<p>Contacto:<br \/>\nKleinkunstb\u00fchne Leierkasten Dachau<br \/>\nUhdestr. 2, 85221<\/p>\n<p>Tel\u00e9fono: 08131 \u2013 55195<br \/>\nCorreo electr\u00f3nico: info@leierkasten-dachau.de<br \/>\nP\u00e1gina principal: www.leierkasten-dachau.de<\/p>","protected":false},"excerpt":{"rendered":"<p>Zu gro\u00df, zu lang, zu d\u00fcnn, zu wacklig, zu grau, zu langsam, zu ungeschickt! Warum bin ich anders als alle anderen? Das kleine Entlein hat kein Gl\u00fcck. \u00dcberall eckt es an, es passt in keine Reihe und ja, h\u00e4sslich ist es sowieso. So stolpert Entlein von einer unangenehmen Situation in die n\u00e4chste. Dabei begegnet es [&hellip;]<\/p>\n","protected":false},"featured_media":0,"template":"","class_list":["post-9179","events_heimatinfo","type-events_heimatinfo","status-publish","hentry"],"yoast_head":"<!-- This site is optimized with the Yoast SEO plugin v28.3 - https:\/\/yoast.com\/product\/yoast-seo-wordpress\/ -->\n<title>Schwanen \u2013 Eva Sotriffer, Bozen IT - Dachau Tourismus<\/title>\n<meta name=\"robots\" content=\"index, follow, max-snippet:-1, max-image-preview:large, max-video-preview:-1\" \/>\n<link rel=\"canonical\" href=\"https:\/\/www.tourismus.dachau.de\/es\/veranstaltungskalender\/schwanen-eva-sotriffer-bozen-it\/\" \/>\n<meta property=\"og:locale\" content=\"es_ES\" \/>\n<meta property=\"og:type\" content=\"article\" \/>\n<meta property=\"og:title\" content=\"Schwanen \u2013 Eva Sotriffer, Bozen IT - Dachau Tourismus\" \/>\n<meta property=\"og:description\" content=\"Zu gro\u00df, zu lang, zu d\u00fcnn, zu wacklig, zu grau, zu langsam, zu ungeschickt! Warum bin ich anders als alle anderen? Das kleine Entlein hat kein Gl\u00fcck. \u00dcberall eckt es an, es passt in keine Reihe und ja, h\u00e4sslich ist es sowieso. So stolpert Entlein von einer unangenehmen Situation in die n\u00e4chste. Dabei begegnet es [&hellip;]\" \/>\n<meta property=\"og:url\" content=\"https:\/\/www.tourismus.dachau.de\/es\/veranstaltungskalender\/schwanen-eva-sotriffer-bozen-it\/\" \/>\n<meta property=\"og:site_name\" content=\"Dachau Tourismus\" \/>\n<meta property=\"article:modified_time\" content=\"2026-09-02T23:00:24+00:00\" \/>\n<meta name=\"twitter:card\" content=\"summary_large_image\" \/>\n<meta name=\"twitter:label1\" content=\"Tiempo de lectura\" \/>\n\t<meta name=\"twitter:data1\" content=\"1 minuto\" \/>\n<script type=\"application\/ld+json\" class=\"yoast-schema-graph\">{\"@context\":\"https:\\\/\\\/schema.org\",\"@graph\":[{\"@type\":\"WebPage\",\"@id\":\"https:\\\/\\\/www.tourismus.dachau.de\\\/veranstaltungskalender\\\/schwanen-eva-sotriffer-bozen-it\\\/\",\"url\":\"https:\\\/\\\/www.tourismus.dachau.de\\\/veranstaltungskalender\\\/schwanen-eva-sotriffer-bozen-it\\\/\",\"name\":\"Schwanen \u2013 Eva Sotriffer, Bozen IT - Dachau Tourismus\",\"isPartOf\":{\"@id\":\"https:\\\/\\\/www.tourismus.dachau.de\\\/#website\"},\"datePublished\":\"2026-07-13T23:00:11+00:00\",\"dateModified\":\"2026-09-02T23:00:24+00:00\",\"breadcrumb\":{\"@id\":\"https:\\\/\\\/www.tourismus.dachau.de\\\/veranstaltungskalender\\\/schwanen-eva-sotriffer-bozen-it\\\/#breadcrumb\"},\"inLanguage\":\"es\",\"potentialAction\":[{\"@type\":\"ReadAction\",\"target\":[\"https:\\\/\\\/www.tourismus.dachau.de\\\/veranstaltungskalender\\\/schwanen-eva-sotriffer-bozen-it\\\/\"]}]},{\"@type\":\"BreadcrumbList\",\"@id\":\"https:\\\/\\\/www.tourismus.dachau.de\\\/veranstaltungskalender\\\/schwanen-eva-sotriffer-bozen-it\\\/#breadcrumb\",\"itemListElement\":[{\"@type\":\"ListItem\",\"position\":1,\"name\":\"Startseite\",\"item\":\"https:\\\/\\\/www.tourismus.dachau.de\\\/\"},{\"@type\":\"ListItem\",\"position\":2,\"name\":\"Schwanen \u2013 Eva Sotriffer, Bozen IT\"}]},{\"@type\":\"WebSite\",\"@id\":\"https:\\\/\\\/www.tourismus.dachau.de\\\/#website\",\"url\":\"https:\\\/\\\/www.tourismus.dachau.de\\\/\",\"name\":\"Dachau Tourismus\",\"description\":\"Wir freuen uns \u00fcber Ihren Besuch auf unserer Website.\",\"publisher\":{\"@id\":\"https:\\\/\\\/www.tourismus.dachau.de\\\/#organization\"},\"potentialAction\":[{\"@type\":\"SearchAction\",\"target\":{\"@type\":\"EntryPoint\",\"urlTemplate\":\"https:\\\/\\\/www.tourismus.dachau.de\\\/?s={search_term_string}\"},\"query-input\":{\"@type\":\"PropertyValueSpecification\",\"valueRequired\":true,\"valueName\":\"search_term_string\"}}],\"inLanguage\":\"es\"},{\"@type\":\"Organization\",\"@id\":\"https:\\\/\\\/www.tourismus.dachau.de\\\/#organization\",\"name\":\"Dachau Tourismus\",\"url\":\"https:\\\/\\\/www.tourismus.dachau.de\\\/\",\"logo\":{\"@type\":\"ImageObject\",\"inLanguage\":\"es\",\"@id\":\"https:\\\/\\\/www.tourismus.dachau.de\\\/#\\\/schema\\\/logo\\\/image\\\/\",\"url\":\"\",\"contentUrl\":\"\",\"caption\":\"Dachau Tourismus\"},\"image\":{\"@id\":\"https:\\\/\\\/www.tourismus.dachau.de\\\/#\\\/schema\\\/logo\\\/image\\\/\"}}]}<\/script>\n<!-- \/ Yoast SEO plugin. -->","yoast_head_json":{"title":"Schwanen \u2013 Eva Sotriffer, Bozen IT - Dachau Tourismus","robots":{"index":"index","follow":"follow","max-snippet":"max-snippet:-1","max-image-preview":"max-image-preview:large","max-video-preview":"max-video-preview:-1"},"canonical":"https:\/\/www.tourismus.dachau.de\/es\/veranstaltungskalender\/schwanen-eva-sotriffer-bozen-it\/","og_locale":"es_ES","og_type":"article","og_title":"Schwanen \u2013 Eva Sotriffer, Bozen IT - Dachau Tourismus","og_description":"Zu gro\u00df, zu lang, zu d\u00fcnn, zu wacklig, zu grau, zu langsam, zu ungeschickt! Warum bin ich anders als alle anderen? Das kleine Entlein hat kein Gl\u00fcck. \u00dcberall eckt es an, es passt in keine Reihe und ja, h\u00e4sslich ist es sowieso. So stolpert Entlein von einer unangenehmen Situation in die n\u00e4chste. Dabei begegnet es [&hellip;]","og_url":"https:\/\/www.tourismus.dachau.de\/es\/veranstaltungskalender\/schwanen-eva-sotriffer-bozen-it\/","og_site_name":"Dachau Tourismus","article_modified_time":"2026-09-02T23:00:24+00:00","twitter_card":"summary_large_image","twitter_misc":{"Tiempo de lectura":"1 minuto"},"schema":{"@context":"https:\/\/schema.org","@graph":[{"@type":"WebPage","@id":"https:\/\/www.tourismus.dachau.de\/veranstaltungskalender\/schwanen-eva-sotriffer-bozen-it\/","url":"https:\/\/www.tourismus.dachau.de\/veranstaltungskalender\/schwanen-eva-sotriffer-bozen-it\/","name":"Schwanen \u2013 Eva Sotriffer, Bozen IT - Dachau Tourismus","isPartOf":{"@id":"https:\/\/www.tourismus.dachau.de\/#website"},"datePublished":"2026-07-13T23:00:11+00:00","dateModified":"2026-09-02T23:00:24+00:00","breadcrumb":{"@id":"https:\/\/www.tourismus.dachau.de\/veranstaltungskalender\/schwanen-eva-sotriffer-bozen-it\/#breadcrumb"},"inLanguage":"es","potentialAction":[{"@type":"ReadAction","target":["https:\/\/www.tourismus.dachau.de\/veranstaltungskalender\/schwanen-eva-sotriffer-bozen-it\/"]}]},{"@type":"BreadcrumbList","@id":"https:\/\/www.tourismus.dachau.de\/veranstaltungskalender\/schwanen-eva-sotriffer-bozen-it\/#breadcrumb","itemListElement":[{"@type":"ListItem","position":1,"name":"Startseite","item":"https:\/\/www.tourismus.dachau.de\/"},{"@type":"ListItem","position":2,"name":"Schwanen \u2013 Eva Sotriffer, Bozen IT"}]},{"@type":"WebSite","@id":"https:\/\/www.tourismus.dachau.de\/#website","url":"https:\/\/www.tourismus.dachau.de\/","name":"Turismo en Dachau","description":"Esperamos su visita a nuestro sitio web.","publisher":{"@id":"https:\/\/www.tourismus.dachau.de\/#organization"},"potentialAction":[{"@type":"SearchAction","target":{"@type":"EntryPoint","urlTemplate":"https:\/\/www.tourismus.dachau.de\/?s={search_term_string}"},"query-input":{"@type":"PropertyValueSpecification","valueRequired":true,"valueName":"search_term_string"}}],"inLanguage":"es"},{"@type":"Organization","@id":"https:\/\/www.tourismus.dachau.de\/#organization","name":"Turismo en Dachau","url":"https:\/\/www.tourismus.dachau.de\/","logo":{"@type":"ImageObject","inLanguage":"es","@id":"https:\/\/www.tourismus.dachau.de\/#\/schema\/logo\/image\/","url":"","contentUrl":"","caption":"Dachau Tourismus"},"image":{"@id":"https:\/\/www.tourismus.dachau.de\/#\/schema\/logo\/image\/"}}]}},"_links":{"self":[{"href":"https:\/\/www.tourismus.dachau.de\/es\/wp-json\/wp\/v2\/events_heimatinfo\/9179","targetHints":{"allow":["GET"]}}],"collection":[{"href":"https:\/\/www.tourismus.dachau.de\/es\/wp-json\/wp\/v2\/events_heimatinfo"}],"about":[{"href":"https:\/\/www.tourismus.dachau.de\/es\/wp-json\/wp\/v2\/types\/events_heimatinfo"}],"wp:attachment":[{"href":"https:\/\/www.tourismus.dachau.de\/es\/wp-json\/wp\/v2\/media?parent=9179"}],"curies":[{"name":"wp","href":"https:\/\/api.w.org\/{rel}","templated":true}]}}