{"id":52263,"date":"2026-02-05T09:56:40","date_gmt":"2026-02-05T08:56:40","guid":{"rendered":"https:\/\/www.tourismus.dachau.de\/?page_id=52263"},"modified":"2026-09-01T15:04:52","modified_gmt":"2026-09-01T13:04:52","slug":"stadtfuehrungen","status":"publish","type":"page","link":"https:\/\/www.tourismus.dachau.de\/it\/stadtfuehrungen\/","title":{"rendered":"Tour della citt\u00e0"},"content":{"rendered":"\t\t<div data-elementor-type=\"wp-page\" data-elementor-id=\"52263\" class=\"elementor elementor-52263\" data-elementor-post-type=\"page\">\n\t\t\t\t<div class=\"elementor-element elementor-element-8b7f46f elementor-repeater-item-ang_container_padding_3 sk-dark-bg e-flex e-con-boxed elementor-repeater-item-none elementor-repeater-item-none_hover e-con e-parent\" data-id=\"8b7f46f\" data-element_type=\"container\" data-e-type=\"container\" data-settings=\"{&quot;jet_parallax_layout_list&quot;:[],&quot;background_background&quot;:&quot;classic&quot;,&quot;ang_container_spacing_size&quot;:&quot;ang_container_padding_3&quot;}\">\n\t\t\t\t\t<div class=\"e-con-inner\">\n\t\t<div class=\"elementor-element elementor-element-c7c7eee elementor-repeater-item-ang_container_padding_3 sk-dark-bg e-con-full e-flex elementor-repeater-item-none elementor-repeater-item-none_hover e-con e-child\" data-id=\"c7c7eee\" data-element_type=\"container\" data-e-type=\"container\" data-settings=\"{&quot;jet_parallax_layout_list&quot;:[],&quot;background_background&quot;:&quot;classic&quot;,&quot;ang_container_spacing_size&quot;:&quot;ang_container_padding_3&quot;}\">\n\t\t<div class=\"elementor-element elementor-element-2d70ab7 e-con-full elementor-repeater-item-ang_container_no_padding e-flex sk-none elementor-repeater-item-none elementor-repeater-item-none_hover e-con e-child\" data-id=\"2d70ab7\" data-element_type=\"container\" data-e-type=\"container\" data-settings=\"{&quot;jet_parallax_layout_list&quot;:[],&quot;background_background&quot;:&quot;classic&quot;,&quot;ang_container_spacing_size&quot;:&quot;ang_container_no_padding&quot;}\">\n\t\t<div class=\"elementor-element elementor-element-3e8ced5 e-con-full e-flex elementor-repeater-item-default_padding sk-none elementor-repeater-item-none elementor-repeater-item-none_hover e-con e-child\" data-id=\"3e8ced5\" data-element_type=\"container\" data-e-type=\"container\" data-settings=\"{&quot;background_background&quot;:&quot;classic&quot;,&quot;jet_parallax_layout_list&quot;:[],&quot;ang_container_spacing_size&quot;:&quot;default_padding&quot;}\">\n\t\t\t\t<div class=\"elementor-element elementor-element-a3f204d elementor-widget__width-inherit elementor-repeater-item-none elementor-repeater-item-none_hover elementor-widget elementor-widget-heading\" data-id=\"a3f204d\" data-element_type=\"widget\" data-e-type=\"widget\" data-widget_type=\"heading.default\">\n\t\t\t\t<div class=\"elementor-widget-container\">\n\t\t\t\t\t<h2 class=\"elementor-heading-title elementor-size-default\">Stadtf\u00fchrungen in Dachau \u2013 Geschichte, Kunst und Natur erleben<\/h2>\t\t\t\t<\/div>\n\t\t\t\t<\/div>\n\t\t\t\t<div class=\"elementor-element elementor-element-4c3e7bb elementor-repeater-item-none elementor-repeater-item-none_hover elementor-widget elementor-widget-text-editor\" data-id=\"4c3e7bb\" data-element_type=\"widget\" data-e-type=\"widget\" data-widget_type=\"text-editor.default\">\n\t\t\t\t<div class=\"elementor-widget-container\">\n\t\t\t\t\t\t\t\t\t<div class=\"col xs-12 l-4\"><p data-start=\"1745\" data-end=\"1941\">Entdecken Sie bei einer abwechslungsreichen <strong data-start=\"1789\" data-end=\"1815\">Stadtf\u00fchrung in Dachau<\/strong> die bekanntesten\u00a0 Sehensw\u00fcrdigkeiten in der historischen Altstadt. Spannende Geschichten aus \u00fcber 1.200 Jahren Stadtgeschichte werden unterhaltsam pr\u00e4sentiert.<\/p><p data-start=\"1948\" data-end=\"2111\">Nur wenige Kilometer von M\u00fcnchen entfernt ist Dachau das ideale Ziel f\u00fcr einen <strong data-start=\"2027\" data-end=\"2050\">Ausflug von M\u00fcnchen<\/strong> oder einen besonderen <strong data-start=\"2073\" data-end=\"2108\">Tagesausflug im M\u00fcnchner Umland<\/strong>.<\/p><div class=\"section-headline-block align-center\"><div class=\"col xs-12 l-4\"><div class=\"section-headline-block align-center\"><div class=\"media-container-element section-content-element\"><div class=\"image-container\"><picture><source srcset=\"\/data\/_processed_\/c\/0\/csm_Aussicht_Dachau%40Wolfgang_Groesslinger_2c4272e1ba.jpg\" media=\"(min-width: 768px)\" \/><source srcset=\"\/data\/_processed_\/c\/0\/csm_Aussicht_Dachau%40Wolfgang_Groesslinger_10cc91d721.jpg\" media=\"(min-width: 320px)\" \/><\/picture><\/div><\/div><\/div><\/div><div class=\"col xs-12 l-8\"><div class=\"section-content-block\"><div class=\"media-container-element section-content-element\"><div class=\"media-text-container layout-2\"><div class=\"image-container\"><picture><source srcset=\"\/_processed_\/9\/9\/csm_KZ-Gedenkstaette_Goe_39aeb817dd.jpg\" media=\"(min-width: 768px)\" \/><source srcset=\"\/_processed_\/9\/9\/csm_KZ-Gedenkstaette_Goe_6f26108c3d.jpg\" media=\"(min-width: 320px)\" \/><\/picture><\/div><\/div><\/div><\/div><\/div><\/div><\/div><div class=\"col xs-12 l-8\"><div class=\"section-content-block\"><div class=\"media-container-element section-content-element\"><div class=\"media-text-container layout-2\"><div class=\"image-container\"><picture><source srcset=\"\/_processed_\/9\/9\/csm_KZ-Gedenkstaette_Goe_39aeb817dd.jpg\" media=\"(min-width: 768px)\" \/><source srcset=\"\/_processed_\/9\/9\/csm_KZ-Gedenkstaette_Goe_6f26108c3d.jpg\" media=\"(min-width: 320px)\" \/><\/picture><\/div><\/div><\/div><\/div><\/div>\t\t\t\t\t\t\t\t<\/div>\n\t\t\t\t<\/div>\n\t\t\t\t<\/div>\n\t\t<div class=\"elementor-element elementor-element-1a77b81 elementor-repeater-item-shadow_2 e-con-full elementor-repeater-item-ang_container_padding_4 sk-light-bg e-flex elementor-repeater-item-none_hover e-con e-child\" data-id=\"1a77b81\" data-element_type=\"container\" data-e-type=\"container\" data-settings=\"{&quot;jet_parallax_layout_list&quot;:[],&quot;background_background&quot;:&quot;classic&quot;,&quot;ang_container_spacing_size&quot;:&quot;ang_container_padding_4&quot;}\">\n\t\t<div class=\"elementor-element elementor-element-35fa275 e-con-full e-flex elementor-repeater-item-default_padding sk-none elementor-repeater-item-none elementor-repeater-item-none_hover e-con e-child\" data-id=\"35fa275\" data-element_type=\"container\" data-e-type=\"container\" data-settings=\"{&quot;background_background&quot;:&quot;classic&quot;,&quot;jet_parallax_layout_list&quot;:[],&quot;ang_container_spacing_size&quot;:&quot;default_padding&quot;}\">\n\t\t\t\t<div class=\"elementor-element elementor-element-d7019a7 elementor-widget__width-inherit elementor-repeater-item-none elementor-repeater-item-none_hover elementor-widget elementor-widget-heading\" data-id=\"d7019a7\" data-element_type=\"widget\" data-e-type=\"widget\" data-widget_type=\"heading.default\">\n\t\t\t\t<div class=\"elementor-widget-container\">\n\t\t\t\t\t<h2 class=\"elementor-heading-title elementor-size-default\">Offene Termine<\/h2>\t\t\t\t<\/div>\n\t\t\t\t<\/div>\n\t\t\t\t<div class=\"elementor-element elementor-element-a029560 elementor-repeater-item-none elementor-repeater-item-none_hover elementor-widget elementor-widget-text-editor\" data-id=\"a029560\" data-element_type=\"widget\" data-e-type=\"widget\" data-widget_type=\"text-editor.default\">\n\t\t\t\t<div class=\"elementor-widget-container\">\n\t\t\t\t\t\t\t\t\t<p><strong>Dachau K\u00dcNSTLERISCH:<\/strong><br \/>20.09., 14 Uhr | <a href=\"#stadtfuehrungen\">mehr<\/a><\/p><p><strong>Dachau ZEITGESCHICHTLICH:<\/strong><br \/>24.10., 11 Uhr | <a href=\"#stadtf\u00fchrungen\">mehr<\/a><\/p>\t\t\t\t\t\t\t\t<\/div>\n\t\t\t\t<\/div>\n\t\t\t\t<\/div>\n\t\t\t\t<\/div>\n\t\t\t\t<\/div>\n\t\t\t\t<\/div>\n\t\t\t\t<div class=\"elementor-element elementor-element-bc0c111 elementor-repeater-item-none elementor-repeater-item-none_hover elementor-widget elementor-widget-jet-engine-component-38256\" data-id=\"bc0c111\" data-element_type=\"widget\" data-e-type=\"widget\" data-widget_type=\"jet-engine-component-38256.default\">\n\t\t\t\t<div class=\"elementor-widget-container\">\n\t\t\t\t\t\t\t<div data-elementor-type=\"jet-engine-component\" data-elementor-id=\"38256\" class=\"elementor elementor-38256 jet-listing-grid--38256 jet-component-instance-2848\" data-elementor-post-type=\"jet-engine\" style=\"\">\n\t\t\t\t<div class=\"elementor-element elementor-element-865f868 elementor-repeater-item-ang_container_no_padding e-flex e-con-boxed sk-none elementor-repeater-item-none elementor-repeater-item-none_hover e-con e-parent\" data-id=\"865f868\" data-element_type=\"container\" data-e-type=\"container\" data-settings=\"{&quot;jet_parallax_layout_list&quot;:[],&quot;background_background&quot;:&quot;classic&quot;,&quot;ang_container_spacing_size&quot;:&quot;ang_container_no_padding&quot;}\">\n\t\t\t\t\t<div class=\"e-con-inner\">\n\t\t\t\t<div class=\"elementor-element elementor-element-02afcc6 elementor-widget__width-inherit elementor-repeater-item-none elementor-repeater-item-none_hover elementor-widget elementor-widget-heading\" data-id=\"02afcc6\" data-element_type=\"widget\" data-e-type=\"widget\" data-widget_type=\"heading.default\">\n\t\t\t\t<div class=\"elementor-widget-container\">\n\t\t\t\t\t<h2 class=\"elementor-heading-title elementor-size-default\">Gruppenf\u00fchrung zum Wunschtermin buchen<\/h2>\t\t\t\t<\/div>\n\t\t\t\t<\/div>\n\t\t\t\t\t<\/div>\n\t\t\t\t<\/div>\n\t\t\t\t<\/div>\n\t\t\t\t\t\t<\/div>\n\t\t\t\t<\/div>\n\t\t\t\t<div class=\"elementor-element elementor-element-41dc434 elementor-repeater-item-none elementor-repeater-item-none_hover elementor-widget elementor-widget-jet-engine-component-36296\" data-id=\"41dc434\" data-element_type=\"widget\" data-e-type=\"widget\" data-widget_type=\"jet-engine-component-36296.default\">\n\t\t\t\t<div class=\"elementor-widget-container\">\n\t\t\t\t\t\t\t<div data-elementor-type=\"jet-engine-component\" data-elementor-id=\"36296\" class=\"elementor elementor-36296 jet-listing-grid--36296 jet-component-instance-2456\" data-elementor-post-type=\"jet-engine\" style=\"\">\n\t\t\t\t<div class=\"elementor-element elementor-element-601ee97 elementor-repeater-item-ang_container_no_padding e-flex e-con-boxed sk-none elementor-repeater-item-none elementor-repeater-item-none_hover e-con e-parent\" data-id=\"601ee97\" data-element_type=\"container\" data-e-type=\"container\" data-settings=\"{&quot;jet_parallax_layout_list&quot;:[],&quot;background_background&quot;:&quot;classic&quot;,&quot;ang_container_spacing_size&quot;:&quot;ang_container_no_padding&quot;}\">\n\t\t\t\t\t<div class=\"e-con-inner\">\n\t\t\t\t<div class=\"elementor-element elementor-element-3882e7b elementor-repeater-item-none elementor-repeater-item-none_hover elementor-widget elementor-widget-text-editor\" data-id=\"3882e7b\" data-element_type=\"widget\" data-e-type=\"widget\" data-widget_type=\"text-editor.default\">\n\t\t\t\t<div class=\"elementor-widget-container\">\n\t\t\t\t\t\t\t\t\tOb Altstadtf\u00fchrung, Schlossbesichtigung oder Themenf\u00fchrung, eine individuelle Gruppenf\u00fchrung ganz flexibel zum Wunschtermin buchen.\n\nErleben Sie Dachau und seine Umgebung in kompetenter Begleitung unserer erfahrenen G\u00e4stef\u00fchrerinnen und G\u00e4stef\u00fchrer. \n\n\u2714 Individuelle Terminwahl\n\u2714 Ideal f\u00fcr Gruppen, Firmen &amp; private Anl\u00e4sse\n\u2714 Verschiedene Themenf\u00fchrungen buchbar\n\nJetzt unverbindlich anfragen und Wunschtermin sichern.\t\t\t\t\t\t\t\t<\/div>\n\t\t\t\t<\/div>\n\t\t\t\t\t<\/div>\n\t\t\t\t<\/div>\n\t\t\t\t<\/div>\n\t\t\t\t\t\t<\/div>\n\t\t\t\t<\/div>\n\t\t\t\t<div class=\"elementor-element elementor-element-7155616 elementor-align-center elementor-widget-widescreen__width-initial elementor-repeater-item-none elementor-repeater-item-none_hover elementor-widget elementor-widget-button\" data-id=\"7155616\" data-element_type=\"widget\" data-e-type=\"widget\" data-widget_type=\"button.default\">\n\t\t\t\t<div class=\"elementor-widget-container\">\n\t\t\t\t\t\t\t\t\t<div class=\"elementor-button-wrapper\">\n\t\t\t\t\t<a class=\"elementor-button elementor-button-link elementor-size-sm\" href=\"\/gruppen-fuehrungen-zum-wunschtermin\">\n\t\t\t\t\t\t<span class=\"elementor-button-content-wrapper\">\n\t\t\t\t\t\t\t\t\t<span class=\"elementor-button-text\">Direkt zur Anfrage<\/span>\n\t\t\t\t\t<\/span>\n\t\t\t\t\t<\/a>\n\t\t\t\t<\/div>\n\t\t\t\t\t\t\t\t<\/div>\n\t\t\t\t<\/div>\n\t\t\t\t<div class=\"elementor-element elementor-element-787945b elementor-widget__width-initial elementor-widget-widescreen__width-initial elementor-repeater-item-none elementor-repeater-item-none_hover elementor-widget elementor-widget-text-editor\" data-id=\"787945b\" data-element_type=\"widget\" data-e-type=\"widget\" id=\"stadtfuehrungen\" data-widget_type=\"text-editor.default\">\n\t\t\t\t<div class=\"elementor-widget-container\">\n\t\t\t\t\t\t\t\t\t<div class=\"col xs-12 l-4\"><h4 data-start=\"1745\" data-end=\"1941\"><strong>Offene Termine: Stadtf\u00fchrungen durch Altstadt, Schloss und Museen:<\/strong><\/h4><p>Angebote externer Partner, die Buchung erfolgt direkt beim jeweiligen Kontakt.<\/p><\/div>\t\t\t\t\t\t\t\t<\/div>\n\t\t\t\t<\/div>\n\t\t<div class=\"elementor-element elementor-element-7cdb9bb elementor-repeater-item-shadow_2 e-con-full elementor-repeater-item-ang_container_padding_4 sk-light-bg e-flex elementor-repeater-item-none_hover e-con e-child\" data-id=\"7cdb9bb\" data-element_type=\"container\" data-e-type=\"container\" data-settings=\"{&quot;jet_parallax_layout_list&quot;:[],&quot;background_background&quot;:&quot;classic&quot;,&quot;ang_container_spacing_size&quot;:&quot;ang_container_padding_4&quot;}\">\n\t\t\t\t<div class=\"elementor-element elementor-element-c5a6c47 elementor-widget__width-initial external_elementor-repeater-item-none_external elementor-repeater-item-none elementor-repeater-item-none_hover elementor-widget elementor-widget-image\" data-id=\"c5a6c47\" data-element_type=\"widget\" data-e-type=\"widget\" data-widget_type=\"image.default\">\n\t\t\t\t<div class=\"elementor-widget-container\">\n\t\t\t\t\t\t\t\t\t\t\t\t\t\t\t<img fetchpriority=\"high\" decoding=\"async\" width=\"800\" height=\"570\" src=\"https:\/\/www.tourismus.dachau.de\/wp-content\/uploads\/2025\/10\/Dachau_37-1024x730.jpg\" class=\"attachment-large size-large wp-image-48554\" alt=\"Sogenannte &quot;Malweiber&quot;, weibliche Malerinnen um 1900. Eine Malerin sitzt auf einem Klappstuhl, eine weitere malt an der Staffelei und ein M\u00e4dchen h\u00e4lt einen gro\u00dfen Sonnenschirm.\" srcset=\"https:\/\/www.tourismus.dachau.de\/wp-content\/uploads\/2025\/10\/Dachau_37-1024x730.jpg 1024w, https:\/\/www.tourismus.dachau.de\/wp-content\/uploads\/2025\/10\/Dachau_37-300x214.jpg 300w, https:\/\/www.tourismus.dachau.de\/wp-content\/uploads\/2025\/10\/Dachau_37-768x548.jpg 768w, https:\/\/www.tourismus.dachau.de\/wp-content\/uploads\/2025\/10\/Dachau_37.jpg 1402w\" sizes=\"(max-width: 800px) 100vw, 800px\" \/>\t\t\t\t\t\t\t\t\t\t\t\t\t\t\t<\/div>\n\t\t\t\t<\/div>\n\t\t<div class=\"elementor-element elementor-element-60c5e68 e-con-full e-flex elementor-repeater-item-default_padding sk-none elementor-repeater-item-none elementor-repeater-item-none_hover e-con e-child\" data-id=\"60c5e68\" data-element_type=\"container\" data-e-type=\"container\" data-settings=\"{&quot;background_background&quot;:&quot;classic&quot;,&quot;jet_parallax_layout_list&quot;:[],&quot;ang_container_spacing_size&quot;:&quot;default_padding&quot;}\">\n\t\t\t\t<div class=\"elementor-element elementor-element-dc15ebb elementor-widget__width-inherit elementor-repeater-item-none elementor-repeater-item-none_hover elementor-widget elementor-widget-heading\" data-id=\"dc15ebb\" data-element_type=\"widget\" data-e-type=\"widget\" data-widget_type=\"heading.default\">\n\t\t\t\t<div class=\"elementor-widget-container\">\n\t\t\t\t\t<h2 class=\"elementor-heading-title elementor-size-default\">Dachau K\u00dcNSTLERISCH<\/h2>\t\t\t\t<\/div>\n\t\t\t\t<\/div>\n\t\t\t\t<div class=\"elementor-element elementor-element-b9e7dc2 elementor-repeater-item-none elementor-repeater-item-none_hover elementor-widget elementor-widget-text-editor\" data-id=\"b9e7dc2\" data-element_type=\"widget\" data-e-type=\"widget\" data-widget_type=\"text-editor.default\">\n\t\t\t\t<div class=\"elementor-widget-container\">\n\t\t\t\t\t\t\t\t\t<p><i>Wir begeben uns in die Zeit der K\u00fcnstlerkolonie Dachau, erfahren auf unterhaltsame Weise N\u00e4heres zum Leben der K\u00fcnstler, ihrem Werk und ihren Spuren bis heute. Mit Kurzbesuch in der Gem\u00e4ldegalerie Dachau.<\/i><\/p>\t\t\t\t\t\t\t\t<\/div>\n\t\t\t\t<\/div>\n\t\t\t\t<div class=\"elementor-element elementor-element-fea599c elementor-icon-list--layout-traditional elementor-list-item-link-full_width elementor-repeater-item-none elementor-repeater-item-none_hover elementor-widget elementor-widget-icon-list\" data-id=\"fea599c\" data-element_type=\"widget\" data-e-type=\"widget\" data-widget_type=\"icon-list.default\">\n\t\t\t\t<div class=\"elementor-widget-container\">\n\t\t\t\t\t\t\t<ul class=\"elementor-icon-list-items\">\n\t\t\t\t\t\t\t<li class=\"elementor-icon-list-item\">\n\t\t\t\t\t\t\t\t\t\t\t<span class=\"elementor-icon-list-icon\">\n\t\t\t\t\t\t\t<svg aria-hidden=\"true\" class=\"e-font-icon-svg e-fas-map-marker-alt\" viewBox=\"0 0 384 512\" xmlns=\"http:\/\/www.w3.org\/2000\/svg\"><path d=\"M172.268 501.67C26.97 291.031 0 269.413 0 192 0 85.961 85.961 0 192 0s192 85.961 192 192c0 77.413-26.97 99.031-172.268 309.67-9.535 13.774-29.93 13.773-39.464 0zM192 272c44.183 0 80-35.817 80-80s-35.817-80-80-80-80 35.817-80 80 35.817 80 80 80z\"><\/path><\/svg>\t\t\t\t\t\t<\/span>\n\t\t\t\t\t\t\t\t\t\t<span class=\"elementor-icon-list-text\">Konrad-Adenauer-Stra\u00dfe 2 - 6, 85221 Dachau<\/span>\n\t\t\t\t\t\t\t\t\t<\/li>\n\t\t\t\t\t\t\t\t<li class=\"elementor-icon-list-item\">\n\t\t\t\t\t\t\t\t\t\t\t<a href=\"http:\/\/itti@gmx.net\" target=\"_blank\" rel=\"noopener noreferrer nofollow\">\n\n\t\t\t\t\t\t\t\t\t\t\t\t<span class=\"elementor-icon-list-icon\">\n\t\t\t\t\t\t\t<svg aria-hidden=\"true\" class=\"e-font-icon-svg e-fas-desktop\" viewBox=\"0 0 576 512\" xmlns=\"http:\/\/www.w3.org\/2000\/svg\"><path d=\"M528 0H48C21.5 0 0 21.5 0 48v320c0 26.5 21.5 48 48 48h192l-16 48h-72c-13.3 0-24 10.7-24 24s10.7 24 24 24h272c13.3 0 24-10.7 24-24s-10.7-24-24-24h-72l-16-48h192c26.5 0 48-21.5 48-48V48c0-26.5-21.5-48-48-48zm-16 352H64V64h448v288z\"><\/path><\/svg>\t\t\t\t\t\t<\/span>\n\t\t\t\t\t\t\t\t\t\t<span class=\"elementor-icon-list-text\">Anmeldung: 0171\/6774450 oder itti@gmx.net; Preis: 10 EUR je Ticket<\/span>\n\t\t\t\t\t\t\t\t\t\t\t<\/a>\n\t\t\t\t\t\t\t\t\t<\/li>\n\t\t\t\t\t\t\t\t<li class=\"elementor-icon-list-item\">\n\t\t\t\t\t\t\t\t\t\t\t<span class=\"elementor-icon-list-icon\">\n\t\t\t\t\t\t\t<svg aria-hidden=\"true\" class=\"e-font-icon-svg e-far-calendar-alt\" viewBox=\"0 0 448 512\" xmlns=\"http:\/\/www.w3.org\/2000\/svg\"><path d=\"M148 288h-40c-6.6 0-12-5.4-12-12v-40c0-6.6 5.4-12 12-12h40c6.6 0 12 5.4 12 12v40c0 6.6-5.4 12-12 12zm108-12v-40c0-6.6-5.4-12-12-12h-40c-6.6 0-12 5.4-12 12v40c0 6.6 5.4 12 12 12h40c6.6 0 12-5.4 12-12zm96 0v-40c0-6.6-5.4-12-12-12h-40c-6.6 0-12 5.4-12 12v40c0 6.6 5.4 12 12 12h40c6.6 0 12-5.4 12-12zm-96 96v-40c0-6.6-5.4-12-12-12h-40c-6.6 0-12 5.4-12 12v40c0 6.6 5.4 12 12 12h40c6.6 0 12-5.4 12-12zm-96 0v-40c0-6.6-5.4-12-12-12h-40c-6.6 0-12 5.4-12 12v40c0 6.6 5.4 12 12 12h40c6.6 0 12-5.4 12-12zm192 0v-40c0-6.6-5.4-12-12-12h-40c-6.6 0-12 5.4-12 12v40c0 6.6 5.4 12 12 12h40c6.6 0 12-5.4 12-12zm96-260v352c0 26.5-21.5 48-48 48H48c-26.5 0-48-21.5-48-48V112c0-26.5 21.5-48 48-48h48V12c0-6.6 5.4-12 12-12h40c6.6 0 12 5.4 12 12v52h128V12c0-6.6 5.4-12 12-12h40c6.6 0 12 5.4 12 12v52h48c26.5 0 48 21.5 48 48zm-48 346V160H48v298c0 3.3 2.7 6 6 6h340c3.3 0 6-2.7 6-6z\"><\/path><\/svg>\t\t\t\t\t\t<\/span>\n\t\t\t\t\t\t\t\t\t\t<span class=\"elementor-icon-list-text\">20. September 2026, 14 Uhr<\/span>\n\t\t\t\t\t\t\t\t\t<\/li>\n\t\t\t\t\t\t\t\t<li class=\"elementor-icon-list-item\">\n\t\t\t\t\t\t\t\t\t\t\t<span class=\"elementor-icon-list-icon\">\n\t\t\t\t\t\t\t<svg aria-hidden=\"true\" class=\"e-font-icon-svg e-far-user\" viewBox=\"0 0 448 512\" xmlns=\"http:\/\/www.w3.org\/2000\/svg\"><path d=\"M313.6 304c-28.7 0-42.5 16-89.6 16-47.1 0-60.8-16-89.6-16C60.2 304 0 364.2 0 438.4V464c0 26.5 21.5 48 48 48h352c26.5 0 48-21.5 48-48v-25.6c0-74.2-60.2-134.4-134.4-134.4zM400 464H48v-25.6c0-47.6 38.8-86.4 86.4-86.4 14.6 0 38.3 16 89.6 16 51.7 0 74.9-16 89.6-16 47.6 0 86.4 38.8 86.4 86.4V464zM224 288c79.5 0 144-64.5 144-144S303.5 0 224 0 80 64.5 80 144s64.5 144 144 144zm0-240c52.9 0 96 43.1 96 96s-43.1 96-96 96-96-43.1-96-96 43.1-96 96-96z\"><\/path><\/svg>\t\t\t\t\t\t<\/span>\n\t\t\t\t\t\t\t\t\t\t<span class=\"elementor-icon-list-text\">Anbieterin &amp; G\u00e4stef\u00fchrerin: Monika Wolf<\/span>\n\t\t\t\t\t\t\t\t\t<\/li>\n\t\t\t\t\t\t<\/ul>\n\t\t\t\t\t\t<\/div>\n\t\t\t\t<\/div>\n\t\t\t\t<\/div>\n\t\t\t\t<\/div>\n\t\t<div class=\"elementor-element elementor-element-67ecd51 elementor-repeater-item-shadow_2 e-con-full elementor-repeater-item-ang_container_padding_4 sk-light-bg e-flex elementor-repeater-item-none_hover e-con e-child\" data-id=\"67ecd51\" data-element_type=\"container\" data-e-type=\"container\" data-settings=\"{&quot;jet_parallax_layout_list&quot;:[],&quot;background_background&quot;:&quot;classic&quot;,&quot;ang_container_spacing_size&quot;:&quot;ang_container_padding_4&quot;}\">\n\t\t\t\t<div class=\"elementor-element elementor-element-cf61c0a elementor-widget__width-initial external_elementor-repeater-item-none_external elementor-repeater-item-none elementor-repeater-item-none_hover elementor-widget elementor-widget-image\" data-id=\"cf61c0a\" data-element_type=\"widget\" data-e-type=\"widget\" data-widget_type=\"image.default\">\n\t\t\t\t<div class=\"elementor-widget-container\">\n\t\t\t\t\t\t\t\t\t\t\t\t\t\t\t<img decoding=\"async\" width=\"800\" height=\"534\" src=\"https:\/\/www.tourismus.dachau.de\/wp-content\/uploads\/2025\/11\/Gedenktafel-Dachauer-Aufstand-Gemaeldegalerie.JPG_compressed-1024x683.jpeg\" class=\"attachment-large size-large wp-image-49959\" alt=\"Blick auf quadratische Gedenkstafel f\u00fcr die Opfer des Dachauer Aufstandes im April 1945. Die Tafel ist an der Fassade der Gem\u00e4ldegalerie Dachau befestigt. Die Inschrift darauf lautet: &quot;Im Befreiungskampfe am 28. April 1945 wurden an dieser Stelle Opfer des Faschismus von der SS erschossen. Gewidmet den Kameraden vom V.V.N. Dachau am 14.9.1947, Friedrich D\u00fcrr, Anton Hackel, Erisch Hubmann, Anton Hechtl, Hans Pfl\u00fcgler, Lorenz Scherer.\" srcset=\"https:\/\/www.tourismus.dachau.de\/wp-content\/uploads\/2025\/11\/Gedenktafel-Dachauer-Aufstand-Gemaeldegalerie.JPG_compressed-1024x683.jpeg 1024w, https:\/\/www.tourismus.dachau.de\/wp-content\/uploads\/2025\/11\/Gedenktafel-Dachauer-Aufstand-Gemaeldegalerie.JPG_compressed-300x200.jpeg 300w, https:\/\/www.tourismus.dachau.de\/wp-content\/uploads\/2025\/11\/Gedenktafel-Dachauer-Aufstand-Gemaeldegalerie.JPG_compressed-768x512.jpeg 768w, https:\/\/www.tourismus.dachau.de\/wp-content\/uploads\/2025\/11\/Gedenktafel-Dachauer-Aufstand-Gemaeldegalerie.JPG_compressed-1536x1024.jpeg 1536w, https:\/\/www.tourismus.dachau.de\/wp-content\/uploads\/2025\/11\/Gedenktafel-Dachauer-Aufstand-Gemaeldegalerie.JPG_compressed-18x12.jpeg 18w, https:\/\/www.tourismus.dachau.de\/wp-content\/uploads\/2025\/11\/Gedenktafel-Dachauer-Aufstand-Gemaeldegalerie.JPG_compressed.jpeg 1920w\" sizes=\"(max-width: 800px) 100vw, 800px\" \/>\t\t\t\t\t\t\t\t\t\t\t\t\t\t\t<\/div>\n\t\t\t\t<\/div>\n\t\t<div class=\"elementor-element elementor-element-01a3571 e-con-full e-flex elementor-repeater-item-default_padding sk-none elementor-repeater-item-none elementor-repeater-item-none_hover e-con e-child\" data-id=\"01a3571\" data-element_type=\"container\" data-e-type=\"container\" data-settings=\"{&quot;background_background&quot;:&quot;classic&quot;,&quot;jet_parallax_layout_list&quot;:[],&quot;ang_container_spacing_size&quot;:&quot;default_padding&quot;}\">\n\t\t\t\t<div class=\"elementor-element elementor-element-dcd98e6 elementor-widget__width-inherit elementor-repeater-item-none elementor-repeater-item-none_hover elementor-widget elementor-widget-heading\" data-id=\"dcd98e6\" data-element_type=\"widget\" data-e-type=\"widget\" data-widget_type=\"heading.default\">\n\t\t\t\t<div class=\"elementor-widget-container\">\n\t\t\t\t\t<h2 class=\"elementor-heading-title elementor-size-default\"><strong>Dachau ZEITGESCHICHTLICH<\/strong><\/h2>\t\t\t\t<\/div>\n\t\t\t\t<\/div>\n\t\t\t\t<div class=\"elementor-element elementor-element-a6075af elementor-repeater-item-none elementor-repeater-item-none_hover elementor-widget elementor-widget-text-editor\" data-id=\"a6075af\" data-element_type=\"widget\" data-e-type=\"widget\" data-widget_type=\"text-editor.default\">\n\t\t\t\t<div class=\"elementor-widget-container\">\n\t\t\t\t\t\t\t\t\t<p><em>Dachau und die NS-Zeit: Auf zeitgeschichtliche Spuren in der Dachauer Altstadt macht Sie dieser Rundgang aufmerksam. Fundiert erfahren Sie Wissenswertes zu Dachau in der Zeit des Nationalsozialismus.<\/em><\/p>\t\t\t\t\t\t\t\t<\/div>\n\t\t\t\t<\/div>\n\t\t\t\t<div class=\"elementor-element elementor-element-9b5ebf5 elementor-icon-list--layout-traditional elementor-list-item-link-full_width elementor-repeater-item-none elementor-repeater-item-none_hover elementor-widget elementor-widget-icon-list\" data-id=\"9b5ebf5\" data-element_type=\"widget\" data-e-type=\"widget\" data-widget_type=\"icon-list.default\">\n\t\t\t\t<div class=\"elementor-widget-container\">\n\t\t\t\t\t\t\t<ul class=\"elementor-icon-list-items\">\n\t\t\t\t\t\t\t<li class=\"elementor-icon-list-item\">\n\t\t\t\t\t\t\t\t\t\t\t<span class=\"elementor-icon-list-icon\">\n\t\t\t\t\t\t\t<svg aria-hidden=\"true\" class=\"e-font-icon-svg e-fas-map-marker-alt\" viewBox=\"0 0 384 512\" xmlns=\"http:\/\/www.w3.org\/2000\/svg\"><path d=\"M172.268 501.67C26.97 291.031 0 269.413 0 192 0 85.961 85.961 0 192 0s192 85.961 192 192c0 77.413-26.97 99.031-172.268 309.67-9.535 13.774-29.93 13.773-39.464 0zM192 272c44.183 0 80-35.817 80-80s-35.817-80-80-80-80 35.817-80 80 35.817 80 80 80z\"><\/path><\/svg>\t\t\t\t\t\t<\/span>\n\t\t\t\t\t\t\t\t\t\t<span class=\"elementor-icon-list-text\">Konrad-Adenauer-Stra\u00dfe 2 - 6, 85221 Dachau<\/span>\n\t\t\t\t\t\t\t\t\t<\/li>\n\t\t\t\t\t\t\t\t<li class=\"elementor-icon-list-item\">\n\t\t\t\t\t\t\t\t\t\t\t<a href=\"http:\/\/gisela.schober@gmx.de\" target=\"_blank\" rel=\"noopener noreferrer nofollow\">\n\n\t\t\t\t\t\t\t\t\t\t\t\t<span class=\"elementor-icon-list-icon\">\n\t\t\t\t\t\t\t<svg aria-hidden=\"true\" class=\"e-font-icon-svg e-fas-desktop\" viewBox=\"0 0 576 512\" xmlns=\"http:\/\/www.w3.org\/2000\/svg\"><path d=\"M528 0H48C21.5 0 0 21.5 0 48v320c0 26.5 21.5 48 48 48h192l-16 48h-72c-13.3 0-24 10.7-24 24s10.7 24 24 24h272c13.3 0 24-10.7 24-24s-10.7-24-24-24h-72l-16-48h192c26.5 0 48-21.5 48-48V48c0-26.5-21.5-48-48-48zm-16 352H64V64h448v288z\"><\/path><\/svg>\t\t\t\t\t\t<\/span>\n\t\t\t\t\t\t\t\t\t\t<span class=\"elementor-icon-list-text\">Anmeldung: 0151\/70857424 oder gisela.schober@gmx.de;  Preis: 10 EUR je Ticket; Mindest-Teilnehmerzahl 5 Personen<\/span>\n\t\t\t\t\t\t\t\t\t\t\t<\/a>\n\t\t\t\t\t\t\t\t\t<\/li>\n\t\t\t\t\t\t\t\t<li class=\"elementor-icon-list-item\">\n\t\t\t\t\t\t\t\t\t\t\t<span class=\"elementor-icon-list-icon\">\n\t\t\t\t\t\t\t<svg aria-hidden=\"true\" class=\"e-font-icon-svg e-far-calendar-alt\" viewBox=\"0 0 448 512\" xmlns=\"http:\/\/www.w3.org\/2000\/svg\"><path d=\"M148 288h-40c-6.6 0-12-5.4-12-12v-40c0-6.6 5.4-12 12-12h40c6.6 0 12 5.4 12 12v40c0 6.6-5.4 12-12 12zm108-12v-40c0-6.6-5.4-12-12-12h-40c-6.6 0-12 5.4-12 12v40c0 6.6 5.4 12 12 12h40c6.6 0 12-5.4 12-12zm96 0v-40c0-6.6-5.4-12-12-12h-40c-6.6 0-12 5.4-12 12v40c0 6.6 5.4 12 12 12h40c6.6 0 12-5.4 12-12zm-96 96v-40c0-6.6-5.4-12-12-12h-40c-6.6 0-12 5.4-12 12v40c0 6.6 5.4 12 12 12h40c6.6 0 12-5.4 12-12zm-96 0v-40c0-6.6-5.4-12-12-12h-40c-6.6 0-12 5.4-12 12v40c0 6.6 5.4 12 12 12h40c6.6 0 12-5.4 12-12zm192 0v-40c0-6.6-5.4-12-12-12h-40c-6.6 0-12 5.4-12 12v40c0 6.6 5.4 12 12 12h40c6.6 0 12-5.4 12-12zm96-260v352c0 26.5-21.5 48-48 48H48c-26.5 0-48-21.5-48-48V112c0-26.5 21.5-48 48-48h48V12c0-6.6 5.4-12 12-12h40c6.6 0 12 5.4 12 12v52h128V12c0-6.6 5.4-12 12-12h40c6.6 0 12 5.4 12 12v52h48c26.5 0 48 21.5 48 48zm-48 346V160H48v298c0 3.3 2.7 6 6 6h340c3.3 0 6-2.7 6-6z\"><\/path><\/svg>\t\t\t\t\t\t<\/span>\n\t\t\t\t\t\t\t\t\t\t<span class=\"elementor-icon-list-text\">24. Oktober 2026, 11 Uhr<\/span>\n\t\t\t\t\t\t\t\t\t<\/li>\n\t\t\t\t\t\t\t\t<li class=\"elementor-icon-list-item\">\n\t\t\t\t\t\t\t\t\t\t\t<span class=\"elementor-icon-list-icon\">\n\t\t\t\t\t\t\t<svg aria-hidden=\"true\" class=\"e-font-icon-svg e-far-user\" viewBox=\"0 0 448 512\" xmlns=\"http:\/\/www.w3.org\/2000\/svg\"><path d=\"M313.6 304c-28.7 0-42.5 16-89.6 16-47.1 0-60.8-16-89.6-16C60.2 304 0 364.2 0 438.4V464c0 26.5 21.5 48 48 48h352c26.5 0 48-21.5 48-48v-25.6c0-74.2-60.2-134.4-134.4-134.4zM400 464H48v-25.6c0-47.6 38.8-86.4 86.4-86.4 14.6 0 38.3 16 89.6 16 51.7 0 74.9-16 89.6-16 47.6 0 86.4 38.8 86.4 86.4V464zM224 288c79.5 0 144-64.5 144-144S303.5 0 224 0 80 64.5 80 144s64.5 144 144 144zm0-240c52.9 0 96 43.1 96 96s-43.1 96-96 96-96-43.1-96-96 43.1-96 96-96z\"><\/path><\/svg>\t\t\t\t\t\t<\/span>\n\t\t\t\t\t\t\t\t\t\t<span class=\"elementor-icon-list-text\">Anbieterin &amp; G\u00e4stef\u00fchrerin: Gisela Schober<\/span>\n\t\t\t\t\t\t\t\t\t<\/li>\n\t\t\t\t\t\t<\/ul>\n\t\t\t\t\t\t<\/div>\n\t\t\t\t<\/div>\n\t\t\t\t<\/div>\n\t\t\t\t<\/div>\n\t\t\t\t<div class=\"elementor-element elementor-element-c28ecb3 elementor-repeater-item-none elementor-repeater-item-none_hover elementor-widget elementor-widget-shortcode\" data-id=\"c28ecb3\" data-element_type=\"widget\" data-e-type=\"widget\" data-widget_type=\"shortcode.default\">\n\t\t\t\t<div class=\"elementor-widget-container\">\n\t\t\t\t\t\t\t<div class=\"elementor-shortcode\"><div id=\"fuehrungen\" class=\"gemeinde-news-container gemeinde-news-ssr cols-3 cols-mobile-1 cols-tablet-2 cols-desktop-2\" data-columns-mobile=\"1\" data-columns-tablet=\"2\" data-columns-desktop=\"2\" data-pagination=\"true\" data-pagination-mode=\"standard\" data-ssr-proxy=\"true\" data-limit=\"6\" data-status=\"PUBLISHED\" data-post-type=\"EVENT\" data-event-categories=\"941\" data-from-date=\"2026-09-02\" data-filter-mode=\"SMART\" data-category-logic=\"OR\" data-ajax-url=\"https:\/\/www.tourismus.dachau.de\/wp-admin\/admin-ajax.php\" data-nonce=\"e21185a585\"><div class=\"gemeinde-news-ssr-content\"><style>\n.event-horizontal-item {\n    display: flex;\n    gap: 15px;\n    border-radius: var(--townhall_radius_container, 8px);\n    margin-bottom: 20px;\n}\n\n\/* Date-Badge: gleicher Radius wie Content-Box (beide Siblings, kein Outer-Card-Bezug) *\/\n.event-horizontal-date-badge {\n    border: var(--townhall_border_width, 2px) solid transparent;\n    background: var(--townhall_color_primary, var(--e-global-color-sk_color_5, #3d6b4a));\n    color: white;\n    border-radius: var(--townhall_radius_container, 8px);\n    padding: 30px 25px;\n    text-align: center;\n    min-width: 140px;\n    flex-shrink: 0;\n    display: flex;\n    flex-direction: column;\n    justify-content: center;\n}\n\n.event-horizontal-day {\n    font-size: 4rem;\n    font-weight: 700;\n    line-height: 1;\n    margin-bottom: 8px;\n}\n\n.event-horizontal-month {\n    font-size: 1.125rem;\n    font-weight: 500;\n    margin-bottom: 5px;\n    text-transform: capitalize;\n}\n\n.event-horizontal-year {\n    font-size: 1.125rem;\n    font-weight: 400;\n}\n\n.event-horizontal-content {\n    transition: all 0.2s ease-in;\n    border: var(--townhall_border_width, 2px) solid #0000001a;\n    border-radius: var(--townhall_radius_container, 8px);\n    padding: 24px;\n    background-color: white;\n    flex: 1;\n    display: flex;\n    flex-direction: column;\n    gap: 0;\n}\n\n.event-horizontal-content:hover {\n    border-color: var(--townhall_color_primary, var(--e-global-color-sk_color_5, #3d6b4a));\n}\n\nh4.event-horizontal-title {\n    font-size: 1.3rem;\n    font-weight: 500;\n    margin: 0 0 25px 0;\n    color: #1a1a1a;\n    line-height: 1.2;\n}\n\n.event-horizontal-details {\n    display: flex;\n    flex-direction: column;\n    gap: 16px;\n    flex: 1;\n}\n\n.event-horizontal-detail-item {\n    display: flex;\n    align-items: center;\n    gap: 14px;\n    color: #333333;\n    font-size: 1rem;\n}\n\n.event-horizontal-icon {\n    width: 22px;\n    height: 22px;\n    flex-shrink: 0;\n    margin-top: 0;\n}\n\n.event-horizontal-location {\n    display: flex;\n    flex-direction: column;\n    gap: 3px;\n    line-height: 1.5;\n}\n\n\/* Button: gap (24px) &gt; outer (8px) \u2192 kein konzentrischer Bezug, eigene Button-Var *\/\n.event-horizontal-button {\n    align-self: flex-end;\n    margin-top: auto;\n    text-decoration: none;\n    font-size: 1rem;\n    font-weight: 400;\n    background-color: transparent;\n    color: var(--townhall_color_primary, var(--e-global-color-sk_color_5, #3d6b4a));\n    padding: 5px 10px;\n    border-radius: var(--townhall_radius_button, 5px);\n    transition: all 0.3s ease;\n    display: inline-block;\n}\n\n.event-horizontal-button:hover {\n    color: black;\n    transform: translateY(-1px);\n}\n\n@media screen and (max-width: 39.9375em) {\n    .event-horizontal-item {\n        flex-direction: column;\n    }\n}\n\n<\/style>\n\n<div class=\"gemeinde-news-grid\" data-pagination=\"{&quot;total&quot;:16,&quot;page&quot;:1,&quot;limit&quot;:6,&quot;totalPages&quot;:3}\"><div class=\"event-horizontal-item\">\n    <div class=\"event-horizontal-date-badge\">\n        <div class=\"event-horizontal-day\">06<\/div>\n        <div class=\"event-horizontal-month\">Aug.<\/div>\n        <div class=\"event-horizontal-year\">2026<\/div>\n    <\/div>\n    \n    <div class=\"event-horizontal-content\">\n        <h4 class=\"event-horizontal-title\">Dachau (neu) entdecken \u2013 offene Altstadtf\u00fchrung mit Schlossbesichtigung<\/h4>\n        \n        <div class=\"event-horizontal-details\">\n            <div class=\"event-horizontal-detail-item\">\n                <svg class=\"event-horizontal-icon\" xmlns=\"http:\/\/www.w3.org\/2000\/svg\" viewbox=\"0 0 24 24\" fill=\"none\" stroke=\"currentColor\" stroke-width=\"2\">\n                    <rect x=\"3\" y=\"4\" width=\"18\" height=\"18\" rx=\"2\" ry=\"2\"><\/rect>\n                    <line x1=\"16\" y1=\"2\" x2=\"16\" y2=\"6\"><\/line>\n                    <line x1=\"8\" y1=\"2\" x2=\"8\" y2=\"6\"><\/line>\n                    <line x1=\"3\" y1=\"10\" x2=\"21\" y2=\"10\"><\/line>\n                <\/svg>\n                <span>von: 06. August 2026 16:00<\/span>\n            <\/div>\n            \n            \n            <div class=\"event-horizontal-detail-item\">\n                <svg class=\"event-horizontal-icon\" xmlns=\"http:\/\/www.w3.org\/2000\/svg\" viewbox=\"0 0 24 24\" fill=\"none\" stroke=\"currentColor\" stroke-width=\"2\">\n                    <rect x=\"3\" y=\"4\" width=\"18\" height=\"18\" rx=\"2\" ry=\"2\"><\/rect>\n                    <line x1=\"16\" y1=\"2\" x2=\"16\" y2=\"6\"><\/line>\n                    <line x1=\"8\" y1=\"2\" x2=\"8\" y2=\"6\"><\/line>\n                    <line x1=\"3\" y1=\"10\" x2=\"21\" y2=\"10\"><\/line>\n                <\/svg>\n                <span>bis: 27. September 2026 00:00<\/span>\n            <\/div>\n            \n\n          \n          \n            \n            <div class=\"event-horizontal-detail-item\">\n                <svg class=\"event-horizontal-icon\" xmlns=\"http:\/\/www.w3.org\/2000\/svg\" viewbox=\"0 0 24 24\" fill=\"none\" stroke=\"currentColor\" stroke-width=\"2\">\n                    <path d=\"M21 10c0 7-9 13-9 13s-9-6-9-13a9 9 0 0 1 18 0z\"><\/path>\n                    <circle cx=\"12\" cy=\"10\" r=\"3\"><\/circle>\n                <\/svg>\n                <div class=\"event-horizontal-location\">Altstadt, wird in der Anmeldebest\u00e4tigung angegeben.<\/div>\n            <\/div>\n            \n        <\/div>\n        \n        <a href=\"\/veranstaltungen\/dachau-neu-entdecken-offene-altstadtfuehrung-mit-schlossbesichtigung\/\" class=\"event-horizontal-button\">mehr lesen<\/a>\n    <\/div>\n<\/div><div class=\"event-horizontal-item\">\n    <div class=\"event-horizontal-date-badge\">\n        <div class=\"event-horizontal-day\">13<\/div>\n        <div class=\"event-horizontal-month\">Sept.<\/div>\n        <div class=\"event-horizontal-year\">2026<\/div>\n    <\/div>\n    \n    <div class=\"event-horizontal-content\">\n        <h4 class=\"event-horizontal-title\">F\u00fchrung durch die Sonderausstellung \\\"SINNE \u2013 Zur Kulturgeschichte unserer Wahrnehmung\\\"<\/h4>\n        \n        <div class=\"event-horizontal-details\">\n            <div class=\"event-horizontal-detail-item\">\n                <svg class=\"event-horizontal-icon\" xmlns=\"http:\/\/www.w3.org\/2000\/svg\" viewbox=\"0 0 24 24\" fill=\"none\" stroke=\"currentColor\" stroke-width=\"2\">\n                    <rect x=\"3\" y=\"4\" width=\"18\" height=\"18\" rx=\"2\" ry=\"2\"><\/rect>\n                    <line x1=\"16\" y1=\"2\" x2=\"16\" y2=\"6\"><\/line>\n                    <line x1=\"8\" y1=\"2\" x2=\"8\" y2=\"6\"><\/line>\n                    <line x1=\"3\" y1=\"10\" x2=\"21\" y2=\"10\"><\/line>\n                <\/svg>\n                <span>von: 13. September 2026 14:00<\/span>\n            <\/div>\n            \n            \n            <div class=\"event-horizontal-detail-item\">\n                <svg class=\"event-horizontal-icon\" xmlns=\"http:\/\/www.w3.org\/2000\/svg\" viewbox=\"0 0 24 24\" fill=\"none\" stroke=\"currentColor\" stroke-width=\"2\">\n                    <rect x=\"3\" y=\"4\" width=\"18\" height=\"18\" rx=\"2\" ry=\"2\"><\/rect>\n                    <line x1=\"16\" y1=\"2\" x2=\"16\" y2=\"6\"><\/line>\n                    <line x1=\"8\" y1=\"2\" x2=\"8\" y2=\"6\"><\/line>\n                    <line x1=\"3\" y1=\"10\" x2=\"21\" y2=\"10\"><\/line>\n                <\/svg>\n                <span>bis: 13. September 2026 15:00<\/span>\n            <\/div>\n            \n\n          \n          \n            \n            <div class=\"event-horizontal-detail-item\">\n                <svg class=\"event-horizontal-icon\" xmlns=\"http:\/\/www.w3.org\/2000\/svg\" viewbox=\"0 0 24 24\" fill=\"none\" stroke=\"currentColor\" stroke-width=\"2\">\n                    <path d=\"M21 10c0 7-9 13-9 13s-9-6-9-13a9 9 0 0 1 18 0z\"><\/path>\n                    <circle cx=\"12\" cy=\"10\" r=\"3\"><\/circle>\n                <\/svg>\n                <div class=\"event-horizontal-location\">Bezirksmuseum Dachau<\/div>\n            <\/div>\n            \n        <\/div>\n        \n        <a href=\"\/veranstaltungen\/fuehrung-durch-die-sonderausstellung-sinne-zur-kulturgeschichte-unserer-wahrnehmung\/\" class=\"event-horizontal-button\">mehr lesen<\/a>\n    <\/div>\n<\/div><div class=\"event-horizontal-item\">\n    <div class=\"event-horizontal-date-badge\">\n        <div class=\"event-horizontal-day\">20<\/div>\n        <div class=\"event-horizontal-month\">Sept.<\/div>\n        <div class=\"event-horizontal-year\">2026<\/div>\n    <\/div>\n    \n    <div class=\"event-horizontal-content\">\n        <h4 class=\"event-horizontal-title\">Stadtf\u00fchrung: Dachau K\u00dcNSTLERISCH<\/h4>\n        \n        <div class=\"event-horizontal-details\">\n            <div class=\"event-horizontal-detail-item\">\n                <svg class=\"event-horizontal-icon\" xmlns=\"http:\/\/www.w3.org\/2000\/svg\" viewbox=\"0 0 24 24\" fill=\"none\" stroke=\"currentColor\" stroke-width=\"2\">\n                    <rect x=\"3\" y=\"4\" width=\"18\" height=\"18\" rx=\"2\" ry=\"2\"><\/rect>\n                    <line x1=\"16\" y1=\"2\" x2=\"16\" y2=\"6\"><\/line>\n                    <line x1=\"8\" y1=\"2\" x2=\"8\" y2=\"6\"><\/line>\n                    <line x1=\"3\" y1=\"10\" x2=\"21\" y2=\"10\"><\/line>\n                <\/svg>\n                <span>von: 20. September 2026 11:00<\/span>\n            <\/div>\n            \n            \n            <div class=\"event-horizontal-detail-item\">\n                <svg class=\"event-horizontal-icon\" xmlns=\"http:\/\/www.w3.org\/2000\/svg\" viewbox=\"0 0 24 24\" fill=\"none\" stroke=\"currentColor\" stroke-width=\"2\">\n                    <rect x=\"3\" y=\"4\" width=\"18\" height=\"18\" rx=\"2\" ry=\"2\"><\/rect>\n                    <line x1=\"16\" y1=\"2\" x2=\"16\" y2=\"6\"><\/line>\n                    <line x1=\"8\" y1=\"2\" x2=\"8\" y2=\"6\"><\/line>\n                    <line x1=\"3\" y1=\"10\" x2=\"21\" y2=\"10\"><\/line>\n                <\/svg>\n                <span>bis: 20. September 2026 12:30<\/span>\n            <\/div>\n            \n\n          \n          \n            \n            <div class=\"event-horizontal-detail-item\">\n                <svg class=\"event-horizontal-icon\" xmlns=\"http:\/\/www.w3.org\/2000\/svg\" viewbox=\"0 0 24 24\" fill=\"none\" stroke=\"currentColor\" stroke-width=\"2\">\n                    <path d=\"M21 10c0 7-9 13-9 13s-9-6-9-13a9 9 0 0 1 18 0z\"><\/path>\n                    <circle cx=\"12\" cy=\"10\" r=\"3\"><\/circle>\n                <\/svg>\n                <div class=\"event-horizontal-location\">Rathausplatz Dachau<\/div>\n            <\/div>\n            \n        <\/div>\n        \n        <a href=\"\/veranstaltungen\/stadtfuehrung-dachau-kuenstlerisch\/\" class=\"event-horizontal-button\">mehr lesen<\/a>\n    <\/div>\n<\/div><div class=\"event-horizontal-item\">\n    <div class=\"event-horizontal-date-badge\">\n        <div class=\"event-horizontal-day\">04<\/div>\n        <div class=\"event-horizontal-month\">Okt.<\/div>\n        <div class=\"event-horizontal-year\">2026<\/div>\n    <\/div>\n    \n    <div class=\"event-horizontal-content\">\n        <h4 class=\"event-horizontal-title\">F\u00fchrung durch die Ausstellung \u201eKunst braucht Luft! Die K\u00fcnstlergruppe Scholle zwischen See und Moor\u201c<\/h4>\n        \n        <div class=\"event-horizontal-details\">\n            <div class=\"event-horizontal-detail-item\">\n                <svg class=\"event-horizontal-icon\" xmlns=\"http:\/\/www.w3.org\/2000\/svg\" viewbox=\"0 0 24 24\" fill=\"none\" stroke=\"currentColor\" stroke-width=\"2\">\n                    <rect x=\"3\" y=\"4\" width=\"18\" height=\"18\" rx=\"2\" ry=\"2\"><\/rect>\n                    <line x1=\"16\" y1=\"2\" x2=\"16\" y2=\"6\"><\/line>\n                    <line x1=\"8\" y1=\"2\" x2=\"8\" y2=\"6\"><\/line>\n                    <line x1=\"3\" y1=\"10\" x2=\"21\" y2=\"10\"><\/line>\n                <\/svg>\n                <span>von: 04. Oktober 2026 14:00<\/span>\n            <\/div>\n            \n            \n            <div class=\"event-horizontal-detail-item\">\n                <svg class=\"event-horizontal-icon\" xmlns=\"http:\/\/www.w3.org\/2000\/svg\" viewbox=\"0 0 24 24\" fill=\"none\" stroke=\"currentColor\" stroke-width=\"2\">\n                    <rect x=\"3\" y=\"4\" width=\"18\" height=\"18\" rx=\"2\" ry=\"2\"><\/rect>\n                    <line x1=\"16\" y1=\"2\" x2=\"16\" y2=\"6\"><\/line>\n                    <line x1=\"8\" y1=\"2\" x2=\"8\" y2=\"6\"><\/line>\n                    <line x1=\"3\" y1=\"10\" x2=\"21\" y2=\"10\"><\/line>\n                <\/svg>\n                <span>bis: 14. Oktober 2026 15:00<\/span>\n            <\/div>\n            \n\n          \n          \n            \n            <div class=\"event-horizontal-detail-item\">\n                <svg class=\"event-horizontal-icon\" xmlns=\"http:\/\/www.w3.org\/2000\/svg\" viewbox=\"0 0 24 24\" fill=\"none\" stroke=\"currentColor\" stroke-width=\"2\">\n                    <path d=\"M21 10c0 7-9 13-9 13s-9-6-9-13a9 9 0 0 1 18 0z\"><\/path>\n                    <circle cx=\"12\" cy=\"10\" r=\"3\"><\/circle>\n                <\/svg>\n                <div class=\"event-horizontal-location\">Gem\u00e4ldegalerie Dachau, Konrad-Adenauer-Str. 3, 85221 Dachau<\/div>\n            <\/div>\n            \n        <\/div>\n        \n        <a href=\"\/veranstaltungen\/fuehrung-durch-die-ausstellung-kunst-braucht-luft-die-kuenstlergruppe-scholle-zwischen-see-und-moor\/\" class=\"event-horizontal-button\">mehr lesen<\/a>\n    <\/div>\n<\/div><div class=\"event-horizontal-item\">\n    <div class=\"event-horizontal-date-badge\">\n        <div class=\"event-horizontal-day\">24<\/div>\n        <div class=\"event-horizontal-month\">Okt.<\/div>\n        <div class=\"event-horizontal-year\">2026<\/div>\n    <\/div>\n    \n    <div class=\"event-horizontal-content\">\n        <h4 class=\"event-horizontal-title\">Stadtf\u00fchrung: Dachau ZEITGESCHICHTLICH<\/h4>\n        \n        <div class=\"event-horizontal-details\">\n            <div class=\"event-horizontal-detail-item\">\n                <svg class=\"event-horizontal-icon\" xmlns=\"http:\/\/www.w3.org\/2000\/svg\" viewbox=\"0 0 24 24\" fill=\"none\" stroke=\"currentColor\" stroke-width=\"2\">\n                    <rect x=\"3\" y=\"4\" width=\"18\" height=\"18\" rx=\"2\" ry=\"2\"><\/rect>\n                    <line x1=\"16\" y1=\"2\" x2=\"16\" y2=\"6\"><\/line>\n                    <line x1=\"8\" y1=\"2\" x2=\"8\" y2=\"6\"><\/line>\n                    <line x1=\"3\" y1=\"10\" x2=\"21\" y2=\"10\"><\/line>\n                <\/svg>\n                <span>von: 24. Oktober 2026 11:00<\/span>\n            <\/div>\n            \n            \n            <div class=\"event-horizontal-detail-item\">\n                <svg class=\"event-horizontal-icon\" xmlns=\"http:\/\/www.w3.org\/2000\/svg\" viewbox=\"0 0 24 24\" fill=\"none\" stroke=\"currentColor\" stroke-width=\"2\">\n                    <rect x=\"3\" y=\"4\" width=\"18\" height=\"18\" rx=\"2\" ry=\"2\"><\/rect>\n                    <line x1=\"16\" y1=\"2\" x2=\"16\" y2=\"6\"><\/line>\n                    <line x1=\"8\" y1=\"2\" x2=\"8\" y2=\"6\"><\/line>\n                    <line x1=\"3\" y1=\"10\" x2=\"21\" y2=\"10\"><\/line>\n                <\/svg>\n                <span>bis: 24. Oktober 2026 12:30<\/span>\n            <\/div>\n            \n\n          \n          \n            \n            <div class=\"event-horizontal-detail-item\">\n                <svg class=\"event-horizontal-icon\" xmlns=\"http:\/\/www.w3.org\/2000\/svg\" viewbox=\"0 0 24 24\" fill=\"none\" stroke=\"currentColor\" stroke-width=\"2\">\n                    <path d=\"M21 10c0 7-9 13-9 13s-9-6-9-13a9 9 0 0 1 18 0z\"><\/path>\n                    <circle cx=\"12\" cy=\"10\" r=\"3\"><\/circle>\n                <\/svg>\n                <div class=\"event-horizontal-location\">Rathausplatz Dachau<\/div>\n            <\/div>\n            \n        <\/div>\n        \n        <a href=\"\/veranstaltungen\/stadtfuehrung-dachau-zeitgeschichtlich\/\" class=\"event-horizontal-button\">mehr lesen<\/a>\n    <\/div>\n<\/div><div class=\"event-horizontal-item\">\n    <div class=\"event-horizontal-date-badge\">\n        <div class=\"event-horizontal-day\">08<\/div>\n        <div class=\"event-horizontal-month\">Nov.<\/div>\n        <div class=\"event-horizontal-year\">2026<\/div>\n    <\/div>\n    \n    <div class=\"event-horizontal-content\">\n        <h4 class=\"event-horizontal-title\">F\u00fchrung durch die Ausstellung \u201eKunst braucht Luft! Die K\u00fcnstlergruppe Scholle zwischen See und Moor\u201c<\/h4>\n        \n        <div class=\"event-horizontal-details\">\n            <div class=\"event-horizontal-detail-item\">\n                <svg class=\"event-horizontal-icon\" xmlns=\"http:\/\/www.w3.org\/2000\/svg\" viewbox=\"0 0 24 24\" fill=\"none\" stroke=\"currentColor\" stroke-width=\"2\">\n                    <rect x=\"3\" y=\"4\" width=\"18\" height=\"18\" rx=\"2\" ry=\"2\"><\/rect>\n                    <line x1=\"16\" y1=\"2\" x2=\"16\" y2=\"6\"><\/line>\n                    <line x1=\"8\" y1=\"2\" x2=\"8\" y2=\"6\"><\/line>\n                    <line x1=\"3\" y1=\"10\" x2=\"21\" y2=\"10\"><\/line>\n                <\/svg>\n                <span>von: 08. November 2026 14:00<\/span>\n            <\/div>\n            \n            \n            <div class=\"event-horizontal-detail-item\">\n                <svg class=\"event-horizontal-icon\" xmlns=\"http:\/\/www.w3.org\/2000\/svg\" viewbox=\"0 0 24 24\" fill=\"none\" stroke=\"currentColor\" stroke-width=\"2\">\n                    <rect x=\"3\" y=\"4\" width=\"18\" height=\"18\" rx=\"2\" ry=\"2\"><\/rect>\n                    <line x1=\"16\" y1=\"2\" x2=\"16\" y2=\"6\"><\/line>\n                    <line x1=\"8\" y1=\"2\" x2=\"8\" y2=\"6\"><\/line>\n                    <line x1=\"3\" y1=\"10\" x2=\"21\" y2=\"10\"><\/line>\n                <\/svg>\n                <span>bis: 08. November 2026 15:00<\/span>\n            <\/div>\n            \n\n          \n          \n            \n            <div class=\"event-horizontal-detail-item\">\n                <svg class=\"event-horizontal-icon\" xmlns=\"http:\/\/www.w3.org\/2000\/svg\" viewbox=\"0 0 24 24\" fill=\"none\" stroke=\"currentColor\" stroke-width=\"2\">\n                    <path d=\"M21 10c0 7-9 13-9 13s-9-6-9-13a9 9 0 0 1 18 0z\"><\/path>\n                    <circle cx=\"12\" cy=\"10\" r=\"3\"><\/circle>\n                <\/svg>\n                <div class=\"event-horizontal-location\">Gem\u00e4ldegalerie Dachau, Konrad-Adenauer-Str. 3, 85221 Dachau<\/div>\n            <\/div>\n            \n        <\/div>\n        \n        <a href=\"\/veranstaltungen\/fuehrung-durch-die-ausstellung-kunst-braucht-luft-die-kuenstlergruppe-scholle-zwischen-see-und-moor-2026-11-08\/\" class=\"event-horizontal-button\">mehr lesen<\/a>\n    <\/div>\n<\/div><\/div><\/div><div class=\"gemeinde-news-pagination ssr\"><span class=\"pagination-button active\">1<\/span><a class=\"pagination-button\" href=\"javascript:void(0)\" data-page=\"2\" role=\"button\" aria-label=\"Seite 2\" onclick=\"return window.gemeindePaginateClick&amp;&amp;window.gemeindePaginateClick(this,event);\">2<\/a><a class=\"pagination-button\" href=\"javascript:void(0)\" data-page=\"3\" role=\"button\" aria-label=\"Seite 3\" onclick=\"return window.gemeindePaginateClick&amp;&amp;window.gemeindePaginateClick(this,event);\">3<\/a><a class=\"pagination-button next\" href=\"javascript:void(0)\" data-page=\"2\" role=\"button\" aria-label=\"Weiter\" onclick=\"return window.gemeindePaginateClick&amp;&amp;window.gemeindePaginateClick(this,event);\">Weiter \u2192<\/a><\/div><script>(function(){\nwindow.gemeindeBuildListingFormData=function(c,page){var fd=new FormData();fd.append(\"action\",\"gemeinde_news_frontend\");fd.append(\"nonce\",c.dataset.nonce||\"\");fd.append(\"subaction\",\"get_ssr_listing\");fd.append(\"page\",String(page));if(c.dataset.limit){fd.append(\"limit\",c.dataset.limit);}fd.append(\"status\",c.dataset.status||\"PUBLISHED\");fd.append(\"postType\",c.dataset.postType||\"NEWS\");if(c.dataset.templateId){fd.append(\"templateId\",c.dataset.templateId);}if(c.dataset.advancedFilter){fd.append(\"advancedFilter\",c.dataset.advancedFilter);}var targetId=c.id;var filterManager=window.GemeindeFilterManager&&window.GemeindeFilterManager[targetId];if(filterManager&&filterManager.filters){var hasAdvancedFilter=c.dataset.advancedFilter?true:false;if(filterManager.filters.category.length>0){var categoryIds=filterManager.filters.category.join(\",\");if(hasAdvancedFilter){fd.append(\"additionalCategoryId\",categoryIds);}else{fd.append(\"categoryId\",categoryIds);}}if(filterManager.filters.newstype.length>0){var typeIds=filterManager.filters.newstype.join(\",\");if(hasAdvancedFilter){fd.append(\"additionalTypeId\",typeIds);}else{fd.append(\"typeId\",typeIds);}}if(filterManager.filters.organization.length>0){var orgIds=filterManager.filters.organization.join(\",\");if(hasAdvancedFilter){fd.append(\"additionalOrgId\",orgIds);}else{fd.append(\"orgId\",orgIds);}}if(filterManager.filters.search){fd.append(\"search\",filterManager.filters.search);}if(filterManager.filters.dateFrom){fd.append(\"fromDate\",filterManager.filters.dateFrom);}if(filterManager.filters.dateTo){fd.append(\"toDate\",filterManager.filters.dateTo);}if(filterManager.filters.date){fd.append(\"date\",filterManager.filters.date);}if(filterManager.filters.status){fd.append(\"status\",filterManager.filters.status);}if(filterManager.filters.sort){fd.append(\"sortBy\",filterManager.filters.sort);}if(filterManager.filters.sortDirection){fd.append(\"sortDirection\",filterManager.filters.sortDirection);}if(!fd.has(\"sortBy\")&&c.dataset.sortBy){fd.append(\"sortBy\",c.dataset.sortBy);if(!fd.has(\"sortDirection\")&&c.dataset.sortDirection){fd.append(\"sortDirection\",c.dataset.sortDirection);}}}else{if(c.dataset.newsTypes){fd.append(\"typeId\",c.dataset.newsTypes);}else if(c.dataset.typeId){fd.append(\"typeId\",c.dataset.typeId);}if(c.dataset.fromDate){fd.append(\"fromDate\",c.dataset.fromDate);}if(c.dataset.toDate){fd.append(\"toDate\",c.dataset.toDate);}if(c.dataset.eventCategories){fd.append(\"categoryId\",c.dataset.eventCategories);}if(c.dataset.sortBy){fd.append(\"sortBy\",c.dataset.sortBy);}if(c.dataset.sortDirection){fd.append(\"sortDirection\",c.dataset.sortDirection);}}return fd;};\nwindow.gemeindePaginateClick=function(link,ev){if(ev){ev.preventDefault();ev.stopPropagation();}var c=link.closest&&link.closest(\".gemeinde-news-container\");if(!c)return false;var page=parseInt(link.getAttribute(\"data-page\")||\"0\",10)||1;var fd=window.gemeindeBuildListingFormData(c,page);c.classList.add(\"is-loading\");var ajaxUrl=(c.dataset.ajaxUrl||\"https:\/\/www.tourismus.dachau.de\/wp-admin\/admin-ajax.php\");fetch(ajaxUrl,{method:\"POST\",credentials:\"same-origin\",body:fd}).then(function(r){return r.json();}).then(function(resp){c.classList.remove(\"is-loading\");if(!resp||!resp.success||!resp.data){return;}var content=c.querySelector(\".gemeinde-news-ssr-content\");var pag=c.querySelector(\".gemeinde-news-pagination\");if(content&&resp.data.html){content.innerHTML=resp.data.html;}if(resp.data.paginationHtml&&pag){pag.innerHTML=resp.data.paginationHtml;}if(pag){var as=pag.querySelectorAll(\"a\");as.forEach(function(a){var p=parseInt(a.getAttribute(\"data-page\")||\"1\",10)||1;a.setAttribute(\"data-page\",String(p));a.setAttribute(\"href\",\"javascript:void(0)\");a.onclick=function(e){e.preventDefault();window.gemeindePaginateClick(this,e);return false;};});}try{var u=new URL(window.location.href);u.searchParams.set(\"seite\",(resp.data.pagination&&resp.data.pagination.page)?resp.data.pagination.page:page);history.replaceState({},\"\",u.toString());}catch(e){}var y=c.getBoundingClientRect().top+window.scrollY-200;window.scrollTo({top:Math.max(0,y),behavior:\"smooth\"});}).catch(function(){c.classList.remove(\"is-loading\");});return false;};\ndocument.querySelectorAll(\".gemeinde-news-container.gemeinde-news-ssr .gemeinde-news-pagination a\").forEach(function(a){var p=parseInt(a.getAttribute(\"data-page\")||\"1\",10)||1;a.setAttribute(\"data-page\",String(p));a.setAttribute(\"href\",\"javascript:void(0)\");a.onclick=function(e){e.preventDefault();window.gemeindePaginateClick(this,e);return false;};});\nwindow.gemeindeInitInfiniteScroll=function(container){var sentinel=container.querySelector(\".gemeinde-news-infinite-sentinel\");if(!sentinel)return;if(sentinel._gemeindeObserver){sentinel._gemeindeObserver.disconnect();}var loadingEl=sentinel.querySelector(\".gemeinde-news-infinite-loading\");var endEl=sentinel.querySelector(\".gemeinde-news-infinite-end\");var loading=false;var toggleLoading=function(on){if(loadingEl)loadingEl.hidden=!on;};var showEnd=function(){if(endEl)endEl.hidden=false;toggleLoading(false);};var observer=new IntersectionObserver(function(entries){entries.forEach(function(entry){if(!entry.isIntersecting||loading)return;var page=parseInt(sentinel.dataset.page||\"1\",10)||1;var totalPages=parseInt(sentinel.dataset.totalPages||\"1\",10)||1;if(page>=totalPages){observer.disconnect();showEnd();return;}loading=true;toggleLoading(true);var fd=window.gemeindeBuildListingFormData(container,page+1);var ajaxUrl=(container.dataset.ajaxUrl||\"https:\/\/www.tourismus.dachau.de\/wp-admin\/admin-ajax.php\");fetch(ajaxUrl,{method:\"POST\",credentials:\"same-origin\",body:fd}).then(function(r){return r.json();}).then(function(resp){loading=false;toggleLoading(false);if(!resp||!resp.success||!resp.data){return;}var content=container.querySelector(\".gemeinde-news-ssr-content\");if(content&&resp.data.html){var tmp=document.createElement(\"div\");tmp.innerHTML=resp.data.html;var newGrid=tmp.querySelector(\".gemeinde-news-grid\");var existingGrid=content.querySelector(\".gemeinde-news-grid\");if(newGrid&&existingGrid){Array.prototype.forEach.call(newGrid.children,function(child){if(child.tagName===\"STYLE\"){return;}existingGrid.appendChild(child);});}else{content.insertAdjacentHTML(\"beforeend\",resp.data.html);}}var newPage=(resp.data.pagination&&resp.data.pagination.page)?parseInt(resp.data.pagination.page,10):(page+1);var newTotalPages=(resp.data.pagination&&resp.data.pagination.totalPages)?parseInt(resp.data.pagination.totalPages,10):totalPages;sentinel.dataset.page=String(newPage);sentinel.dataset.totalPages=String(newTotalPages);if(newPage>=newTotalPages){observer.disconnect();showEnd();}}).catch(function(){loading=false;toggleLoading(false);});});},{rootMargin:\"200px\"});if(endEl)endEl.hidden=true;toggleLoading(false);sentinel._gemeindeObserver=observer;observer.observe(sentinel);};\ndocument.querySelectorAll(\".gemeinde-news-container[data-pagination-mode=infinite]\").forEach(function(c){window.gemeindeInitInfiniteScroll(c);});\n})();<\/script><\/div><\/div>\n\t\t\t\t\t\t<\/div>\n\t\t\t\t<\/div>\n\t\t\t\t\t<\/div>\n\t\t\t\t<\/div>\n\t\t<div class=\"elementor-element elementor-element-a421d9c elementor-repeater-item-ang_container_padding_3 sk-dark-bg e-flex e-con-boxed elementor-repeater-item-none elementor-repeater-item-none_hover e-con e-parent\" data-id=\"a421d9c\" data-element_type=\"container\" data-e-type=\"container\" data-settings=\"{&quot;jet_parallax_layout_list&quot;:[],&quot;background_background&quot;:&quot;classic&quot;,&quot;ang_container_spacing_size&quot;:&quot;ang_container_padding_3&quot;}\">\n\t\t\t\t\t<div class=\"e-con-inner\">\n\t\t\t\t<div class=\"elementor-element elementor-element-c1e680b elementor-repeater-item-none elementor-repeater-item-none_hover elementor-widget elementor-widget-jet-engine-component-38256\" data-id=\"c1e680b\" data-element_type=\"widget\" data-e-type=\"widget\" id=\"themenfuehrungen\" data-widget_type=\"jet-engine-component-38256.default\">\n\t\t\t\t<div class=\"elementor-widget-container\">\n\t\t\t\t\t\t\t<div data-elementor-type=\"jet-engine-component\" data-elementor-id=\"38256\" class=\"elementor elementor-38256 jet-listing-grid--38256 jet-component-instance-5323\" data-elementor-post-type=\"jet-engine\" style=\"\">\n\t\t\t\t<div class=\"elementor-element elementor-element-865f868 elementor-repeater-item-ang_container_no_padding e-flex e-con-boxed sk-none elementor-repeater-item-none elementor-repeater-item-none_hover e-con e-parent\" data-id=\"865f868\" data-element_type=\"container\" data-e-type=\"container\" data-settings=\"{&quot;jet_parallax_layout_list&quot;:[],&quot;background_background&quot;:&quot;classic&quot;,&quot;ang_container_spacing_size&quot;:&quot;ang_container_no_padding&quot;}\">\n\t\t\t\t\t<div class=\"e-con-inner\">\n\t\t\t\t<div class=\"elementor-element elementor-element-02afcc6 elementor-widget__width-inherit elementor-repeater-item-none elementor-repeater-item-none_hover elementor-widget elementor-widget-heading\" data-id=\"02afcc6\" data-element_type=\"widget\" data-e-type=\"widget\" data-widget_type=\"heading.default\">\n\t\t\t\t<div class=\"elementor-widget-container\">\n\t\t\t\t\t<h2 class=\"elementor-heading-title elementor-size-default\">Weitere Stadtf\u00fchrungen in Dachau<\/h2>\t\t\t\t<\/div>\n\t\t\t\t<\/div>\n\t\t\t\t\t<\/div>\n\t\t\t\t<\/div>\n\t\t\t\t<\/div>\n\t\t\t\t\t\t<\/div>\n\t\t\t\t<\/div>\n\t\t<div class=\"elementor-element elementor-element-92fe728 elementor-repeater-item-shadow_2 e-con-full elementor-repeater-item-ang_container_padding_4 sk-light-bg e-flex elementor-repeater-item-none_hover e-con e-child\" data-id=\"92fe728\" data-element_type=\"container\" data-e-type=\"container\" data-settings=\"{&quot;jet_parallax_layout_list&quot;:[],&quot;background_background&quot;:&quot;classic&quot;,&quot;ang_container_spacing_size&quot;:&quot;ang_container_padding_4&quot;}\">\n\t\t\t\t<div class=\"elementor-element elementor-element-3eb0797 elementor-widget__width-initial elementor-widget-widescreen__width-initial external_elementor-repeater-item-none_external elementor-repeater-item-none elementor-repeater-item-none_hover elementor-widget elementor-widget-image\" data-id=\"3eb0797\" data-element_type=\"widget\" data-e-type=\"widget\" data-widget_type=\"image.default\">\n\t\t\t\t<div class=\"elementor-widget-container\">\n\t\t\t\t\t\t\t\t\t\t\t\t\t\t\t<img decoding=\"async\" width=\"372\" height=\"279\" src=\"https:\/\/www.tourismus.dachau.de\/wp-content\/uploads\/2025\/05\/csm_bezirksmuseum_@stadt_Dachau_Pascale_Toepperwien.JPG_compressed_f972e507b4.jpeg\" class=\"attachment-large size-large wp-image-47382\" alt=\"\" srcset=\"https:\/\/www.tourismus.dachau.de\/wp-content\/uploads\/2025\/05\/csm_bezirksmuseum_@stadt_Dachau_Pascale_Toepperwien.JPG_compressed_f972e507b4.jpeg 372w, https:\/\/www.tourismus.dachau.de\/wp-content\/uploads\/2025\/05\/csm_bezirksmuseum_@stadt_Dachau_Pascale_Toepperwien.JPG_compressed_f972e507b4-300x225.jpeg 300w\" sizes=\"(max-width: 372px) 100vw, 372px\" \/>\t\t\t\t\t\t\t\t\t\t\t\t\t\t\t<\/div>\n\t\t\t\t<\/div>\n\t\t<div class=\"elementor-element elementor-element-4e88d1c e-con-full e-flex elementor-repeater-item-default_padding sk-none elementor-repeater-item-none elementor-repeater-item-none_hover e-con e-child\" data-id=\"4e88d1c\" data-element_type=\"container\" data-e-type=\"container\" data-settings=\"{&quot;background_background&quot;:&quot;classic&quot;,&quot;jet_parallax_layout_list&quot;:[],&quot;ang_container_spacing_size&quot;:&quot;default_padding&quot;}\">\n\t\t\t\t<div class=\"elementor-element elementor-element-510c8e4 elementor-widget__width-inherit elementor-repeater-item-none elementor-repeater-item-none_hover elementor-widget elementor-widget-heading\" data-id=\"510c8e4\" data-element_type=\"widget\" data-e-type=\"widget\" data-widget_type=\"heading.default\">\n\t\t\t\t<div class=\"elementor-widget-container\">\n\t\t\t\t\t<h2 class=\"elementor-heading-title elementor-size-default\">Museums- und Galerief\u00fchrungen<\/h2>\t\t\t\t<\/div>\n\t\t\t\t<\/div>\n\t\t\t\t<div class=\"elementor-element elementor-element-97e5071 elementor-repeater-item-none elementor-repeater-item-none_hover elementor-widget elementor-widget-text-editor\" data-id=\"97e5071\" data-element_type=\"widget\" data-e-type=\"widget\" data-widget_type=\"text-editor.default\">\n\t\t\t\t<div class=\"elementor-widget-container\">\n\t\t\t\t\t\t\t\t\t<p>F\u00fchrungen durch die Gem\u00e4ldegalerie Dachau oder das Dachauer Bezirksmuseum vermittelt der Zweckverband Dachauer Galerien und Museen.<\/p>\t\t\t\t\t\t\t\t<\/div>\n\t\t\t\t<\/div>\n\t\t\t\t<div class=\"elementor-element elementor-element-adabb0a elementor-icon-list--layout-inline elementor-list-item-link-full_width elementor-repeater-item-none elementor-repeater-item-none_hover elementor-widget elementor-widget-icon-list\" data-id=\"adabb0a\" data-element_type=\"widget\" data-e-type=\"widget\" data-widget_type=\"icon-list.default\">\n\t\t\t\t<div class=\"elementor-widget-container\">\n\t\t\t\t\t\t\t<ul class=\"elementor-icon-list-items elementor-inline-items\">\n\t\t\t\t\t\t\t<li class=\"elementor-icon-list-item elementor-inline-item\">\n\t\t\t\t\t\t\t\t\t\t\t<span class=\"elementor-icon-list-icon\">\n\t\t\t\t\t\t\t<svg aria-hidden=\"true\" class=\"e-font-icon-svg e-fas-map-marker-alt\" viewBox=\"0 0 384 512\" xmlns=\"http:\/\/www.w3.org\/2000\/svg\"><path d=\"M172.268 501.67C26.97 291.031 0 269.413 0 192 0 85.961 85.961 0 192 0s192 85.961 192 192c0 77.413-26.97 99.031-172.268 309.67-9.535 13.774-29.93 13.773-39.464 0zM192 272c44.183 0 80-35.817 80-80s-35.817-80-80-80-80 35.817-80 80 35.817 80 80 80z\"><\/path><\/svg>\t\t\t\t\t\t<\/span>\n\t\t\t\t\t\t\t\t\t\t<span class=\"elementor-icon-list-text\">Augsburger Stra\u00dfe 3, 85221 Dachau<\/span>\n\t\t\t\t\t\t\t\t\t<\/li>\n\t\t\t\t\t\t\t\t<li class=\"elementor-icon-list-item elementor-inline-item\">\n\t\t\t\t\t\t\t\t\t\t\t<a href=\"\">\n\n\t\t\t\t\t\t\t\t\t\t\t\t<span class=\"elementor-icon-list-icon\">\n\t\t\t\t\t\t\t<svg aria-hidden=\"true\" class=\"e-font-icon-svg e-fas-phone-alt\" viewBox=\"0 0 512 512\" xmlns=\"http:\/\/www.w3.org\/2000\/svg\"><path d=\"M497.39 361.8l-112-48a24 24 0 0 0-28 6.9l-49.6 60.6A370.66 370.66 0 0 1 130.6 204.11l60.6-49.6a23.94 23.94 0 0 0 6.9-28l-48-112A24.16 24.16 0 0 0 122.6.61l-104 24A24 24 0 0 0 0 48c0 256.5 207.9 464 464 464a24 24 0 0 0 23.4-18.6l24-104a24.29 24.29 0 0 0-14.01-27.6z\"><\/path><\/svg>\t\t\t\t\t\t<\/span>\n\t\t\t\t\t\t\t\t\t\t<span class=\"elementor-icon-list-text\"> 08131-56750<\/span>\n\t\t\t\t\t\t\t\t\t\t\t<\/a>\n\t\t\t\t\t\t\t\t\t<\/li>\n\t\t\t\t\t\t\t\t<li class=\"elementor-icon-list-item elementor-inline-item\">\n\t\t\t\t\t\t\t\t\t\t\t<span class=\"elementor-icon-list-icon\">\n\t\t\t\t\t\t\t<svg aria-hidden=\"true\" class=\"e-font-icon-svg e-fas-fax\" viewBox=\"0 0 512 512\" xmlns=\"http:\/\/www.w3.org\/2000\/svg\"><path d=\"M480 160V77.25a32 32 0 0 0-9.38-22.63L425.37 9.37A32 32 0 0 0 402.75 0H160a32 32 0 0 0-32 32v448a32 32 0 0 0 32 32h320a32 32 0 0 0 32-32V192a32 32 0 0 0-32-32zM288 432a16 16 0 0 1-16 16h-32a16 16 0 0 1-16-16v-32a16 16 0 0 1 16-16h32a16 16 0 0 1 16 16zm0-128a16 16 0 0 1-16 16h-32a16 16 0 0 1-16-16v-32a16 16 0 0 1 16-16h32a16 16 0 0 1 16 16zm128 128a16 16 0 0 1-16 16h-32a16 16 0 0 1-16-16v-32a16 16 0 0 1 16-16h32a16 16 0 0 1 16 16zm0-128a16 16 0 0 1-16 16h-32a16 16 0 0 1-16-16v-32a16 16 0 0 1 16-16h32a16 16 0 0 1 16 16zm0-112H192V64h160v48a16 16 0 0 0 16 16h48zM64 128H32a32 32 0 0 0-32 32v320a32 32 0 0 0 32 32h32a32 32 0 0 0 32-32V160a32 32 0 0 0-32-32z\"><\/path><\/svg>\t\t\t\t\t\t<\/span>\n\t\t\t\t\t\t\t\t\t\t<span class=\"elementor-icon-list-text\">08131-78305<\/span>\n\t\t\t\t\t\t\t\t\t<\/li>\n\t\t\t\t\t\t\t\t<li class=\"elementor-icon-list-item elementor-inline-item\">\n\t\t\t\t\t\t\t\t\t\t\t<a href=\"mailto:%20info@dachauer-galerien-museen.de\">\n\n\t\t\t\t\t\t\t\t\t\t\t\t<span class=\"elementor-icon-list-icon\">\n\t\t\t\t\t\t\t<svg aria-hidden=\"true\" class=\"e-font-icon-svg e-fas-envelope\" viewBox=\"0 0 512 512\" xmlns=\"http:\/\/www.w3.org\/2000\/svg\"><path d=\"M502.3 190.8c3.9-3.1 9.7-.2 9.7 4.7V400c0 26.5-21.5 48-48 48H48c-26.5 0-48-21.5-48-48V195.6c0-5 5.7-7.8 9.7-4.7 22.4 17.4 52.1 39.5 154.1 113.6 21.1 15.4 56.7 47.8 92.2 47.6 35.7.3 72-32.8 92.3-47.6 102-74.1 131.6-96.3 154-113.7zM256 320c23.2.4 56.6-29.2 73.4-41.4 132.7-96.3 142.8-104.7 173.4-128.7 5.8-4.5 9.2-11.5 9.2-18.9v-19c0-26.5-21.5-48-48-48H48C21.5 64 0 85.5 0 112v19c0 7.4 3.4 14.3 9.2 18.9 30.6 23.9 40.7 32.4 173.4 128.7 16.8 12.2 50.2 41.8 73.4 41.4z\"><\/path><\/svg>\t\t\t\t\t\t<\/span>\n\t\t\t\t\t\t\t\t\t\t<span class=\"elementor-icon-list-text\">info@dachauer-galerien-museen.de<\/span>\n\t\t\t\t\t\t\t\t\t\t\t<\/a>\n\t\t\t\t\t\t\t\t\t<\/li>\n\t\t\t\t\t\t\t\t<li class=\"elementor-icon-list-item elementor-inline-item\">\n\t\t\t\t\t\t\t\t\t\t\t<a href=\"http:\/\/www.dachauer-galerien-museen.de\" target=\"_blank\" rel=\"noopener noreferrer nofollow\">\n\n\t\t\t\t\t\t\t\t\t\t\t\t<span class=\"elementor-icon-list-icon\">\n\t\t\t\t\t\t\t<svg aria-hidden=\"true\" class=\"e-font-icon-svg e-fas-desktop\" viewBox=\"0 0 576 512\" xmlns=\"http:\/\/www.w3.org\/2000\/svg\"><path d=\"M528 0H48C21.5 0 0 21.5 0 48v320c0 26.5 21.5 48 48 48h192l-16 48h-72c-13.3 0-24 10.7-24 24s10.7 24 24 24h272c13.3 0 24-10.7 24-24s-10.7-24-24-24h-72l-16-48h192c26.5 0 48-21.5 48-48V48c0-26.5-21.5-48-48-48zm-16 352H64V64h448v288z\"><\/path><\/svg>\t\t\t\t\t\t<\/span>\n\t\t\t\t\t\t\t\t\t\t<span class=\"elementor-icon-list-text\">www.dachauer-galerien-museen.de<\/span>\n\t\t\t\t\t\t\t\t\t\t\t<\/a>\n\t\t\t\t\t\t\t\t\t<\/li>\n\t\t\t\t\t\t<\/ul>\n\t\t\t\t\t\t<\/div>\n\t\t\t\t<\/div>\n\t\t\t\t<\/div>\n\t\t\t\t<\/div>\n\t\t<div class=\"elementor-element elementor-element-6d777d3 elementor-repeater-item-shadow_2 e-con-full elementor-repeater-item-ang_container_padding_4 sk-light-bg e-flex elementor-repeater-item-none_hover e-con e-child\" data-id=\"6d777d3\" data-element_type=\"container\" data-e-type=\"container\" data-settings=\"{&quot;jet_parallax_layout_list&quot;:[],&quot;background_background&quot;:&quot;classic&quot;,&quot;ang_container_spacing_size&quot;:&quot;ang_container_padding_4&quot;}\">\n\t\t\t\t<div class=\"elementor-element elementor-element-0666499 elementor-widget__width-initial elementor-widget-widescreen__width-initial external_elementor-repeater-item-none_external elementor-repeater-item-none elementor-repeater-item-none_hover elementor-widget elementor-widget-image\" data-id=\"0666499\" data-element_type=\"widget\" data-e-type=\"widget\" data-widget_type=\"image.default\">\n\t\t\t\t<div class=\"elementor-widget-container\">\n\t\t\t\t\t\t\t\t\t\t\t\t\t\t\t<img loading=\"lazy\" decoding=\"async\" width=\"800\" height=\"800\" src=\"https:\/\/www.tourismus.dachau.de\/wp-content\/uploads\/2025\/11\/Dahoam_is_Dahoam_Logo-1024x1024.jpg\" class=\"attachment-large size-large wp-image-51149\" alt=\"\" srcset=\"https:\/\/www.tourismus.dachau.de\/wp-content\/uploads\/2025\/11\/Dahoam_is_Dahoam_Logo-1024x1024.jpg 1024w, https:\/\/www.tourismus.dachau.de\/wp-content\/uploads\/2025\/11\/Dahoam_is_Dahoam_Logo-300x300.jpg 300w, https:\/\/www.tourismus.dachau.de\/wp-content\/uploads\/2025\/11\/Dahoam_is_Dahoam_Logo-150x150.jpg 150w, https:\/\/www.tourismus.dachau.de\/wp-content\/uploads\/2025\/11\/Dahoam_is_Dahoam_Logo-768x768.jpg 768w, https:\/\/www.tourismus.dachau.de\/wp-content\/uploads\/2025\/11\/Dahoam_is_Dahoam_Logo-12x12.jpg 12w, https:\/\/www.tourismus.dachau.de\/wp-content\/uploads\/2025\/11\/Dahoam_is_Dahoam_Logo.jpg 1181w\" sizes=\"(max-width: 800px) 100vw, 800px\" \/>\t\t\t\t\t\t\t\t\t\t\t\t\t\t\t<\/div>\n\t\t\t\t<\/div>\n\t\t<div class=\"elementor-element elementor-element-c1e2822 e-con-full e-flex elementor-repeater-item-default_padding sk-none elementor-repeater-item-none elementor-repeater-item-none_hover e-con e-child\" data-id=\"c1e2822\" data-element_type=\"container\" data-e-type=\"container\" data-settings=\"{&quot;background_background&quot;:&quot;classic&quot;,&quot;jet_parallax_layout_list&quot;:[],&quot;ang_container_spacing_size&quot;:&quot;default_padding&quot;}\">\n\t\t\t\t<div class=\"elementor-element elementor-element-5dba96d elementor-widget__width-inherit elementor-repeater-item-none elementor-repeater-item-none_hover elementor-widget elementor-widget-heading\" data-id=\"5dba96d\" data-element_type=\"widget\" data-e-type=\"widget\" data-widget_type=\"heading.default\">\n\t\t\t\t<div class=\"elementor-widget-container\">\n\t\t\t\t\t<h2 class=\"elementor-heading-title elementor-size-default\">\"Dahoam is Dahoam\" F\u00fchrungen zur BR-Serie<\/h2>\t\t\t\t<\/div>\n\t\t\t\t<\/div>\n\t\t\t\t<div class=\"elementor-element elementor-element-72682a7 elementor-repeater-item-none elementor-repeater-item-none_hover elementor-widget elementor-widget-text-editor\" data-id=\"72682a7\" data-element_type=\"widget\" data-e-type=\"widget\" data-widget_type=\"text-editor.default\">\n\t\t\t\t<div class=\"elementor-widget-container\">\n\t\t\t\t\t\t\t\t\t<p>Die erfolgreiche bayerische Daily\u00a0<strong>&#8222;Dahoam is Dahoam&#8220;<\/strong> des Bayerischen Rundfunks wird in Dachau gedreht. Auskunft zu F\u00fchrungen \u00fcber das Filmgel\u00e4nde sowie weiteren Terminen finden Sie hier:<\/p>\t\t\t\t\t\t\t\t<\/div>\n\t\t\t\t<\/div>\n\t\t\t\t<div class=\"elementor-element elementor-element-16295f9 elementor-widget__width-inherit hover-grow elementor-icon-list--layout-traditional elementor-list-item-link-full_width elementor-repeater-item-none elementor-repeater-item-none_hover elementor-widget elementor-widget-icon-list\" data-id=\"16295f9\" data-element_type=\"widget\" data-e-type=\"widget\" data-widget_type=\"icon-list.default\">\n\t\t\t\t<div class=\"elementor-widget-container\">\n\t\t\t\t\t\t\t<ul class=\"elementor-icon-list-items\">\n\t\t\t\t\t\t\t<li class=\"elementor-icon-list-item\">\n\t\t\t\t\t\t\t\t\t\t\t<a href=\"https:\/\/www.br.de\/br-fernsehen\/sendungen\/dahoam-is-dahoam\/index.html\" target=\"_blank\" rel=\"noopener noreferrer nofollow\">\n\n\t\t\t\t\t\t\t\t\t\t\t\t<span class=\"elementor-icon-list-icon\">\n\t\t\t\t\t\t\t<svg aria-hidden=\"true\" class=\"e-font-icon-svg e-fas-external-link-square-alt\" viewBox=\"0 0 448 512\" xmlns=\"http:\/\/www.w3.org\/2000\/svg\"><path d=\"M448 80v352c0 26.51-21.49 48-48 48H48c-26.51 0-48-21.49-48-48V80c0-26.51 21.49-48 48-48h352c26.51 0 48 21.49 48 48zm-88 16H248.029c-21.313 0-32.08 25.861-16.971 40.971l31.984 31.987L67.515 364.485c-4.686 4.686-4.686 12.284 0 16.971l31.029 31.029c4.687 4.686 12.285 4.686 16.971 0l195.526-195.526 31.988 31.991C358.058 263.977 384 253.425 384 231.979V120c0-13.255-10.745-24-24-24z\"><\/path><\/svg>\t\t\t\t\t\t<\/span>\n\t\t\t\t\t\t\t\t\t\t<span class=\"elementor-icon-list-text\">Website \"Dahoam is Dahoam\"<\/span>\n\t\t\t\t\t\t\t\t\t\t\t<\/a>\n\t\t\t\t\t\t\t\t\t<\/li>\n\t\t\t\t\t\t<\/ul>\n\t\t\t\t\t\t<\/div>\n\t\t\t\t<\/div>\n\t\t\t\t<\/div>\n\t\t\t\t<\/div>\n\t\t<div class=\"elementor-element elementor-element-412677c elementor-repeater-item-shadow_2 e-con-full elementor-repeater-item-ang_container_padding_4 sk-light-bg e-flex elementor-repeater-item-none_hover e-con e-child\" data-id=\"412677c\" data-element_type=\"container\" data-e-type=\"container\" data-settings=\"{&quot;jet_parallax_layout_list&quot;:[],&quot;background_background&quot;:&quot;classic&quot;,&quot;ang_container_spacing_size&quot;:&quot;ang_container_padding_4&quot;}\">\n\t\t\t\t<div class=\"elementor-element elementor-element-aee0abe elementor-widget__width-initial elementor-widget-widescreen__width-initial external_elementor-repeater-item-none_external elementor-repeater-item-none elementor-repeater-item-none_hover elementor-widget elementor-widget-image\" data-id=\"aee0abe\" data-element_type=\"widget\" data-e-type=\"widget\" data-widget_type=\"image.default\">\n\t\t\t\t<div class=\"elementor-widget-container\">\n\t\t\t\t\t\t\t\t\t\t\t\t\t\t\t<img loading=\"lazy\" decoding=\"async\" width=\"736\" height=\"352\" src=\"https:\/\/www.tourismus.dachau.de\/wp-content\/uploads\/2025\/11\/logo_kirchenfuehrungen.png\" class=\"attachment-large size-large wp-image-51158\" alt=\"\" srcset=\"https:\/\/www.tourismus.dachau.de\/wp-content\/uploads\/2025\/11\/logo_kirchenfuehrungen.png 736w, https:\/\/www.tourismus.dachau.de\/wp-content\/uploads\/2025\/11\/logo_kirchenfuehrungen-300x143.png 300w, https:\/\/www.tourismus.dachau.de\/wp-content\/uploads\/2025\/11\/logo_kirchenfuehrungen-18x9.png 18w\" sizes=\"(max-width: 736px) 100vw, 736px\" \/>\t\t\t\t\t\t\t\t\t\t\t\t\t\t\t<\/div>\n\t\t\t\t<\/div>\n\t\t<div class=\"elementor-element elementor-element-e6be3aa e-con-full e-flex elementor-repeater-item-default_padding sk-none elementor-repeater-item-none elementor-repeater-item-none_hover e-con e-child\" data-id=\"e6be3aa\" data-element_type=\"container\" data-e-type=\"container\" data-settings=\"{&quot;background_background&quot;:&quot;classic&quot;,&quot;jet_parallax_layout_list&quot;:[],&quot;ang_container_spacing_size&quot;:&quot;default_padding&quot;}\">\n\t\t\t\t<div class=\"elementor-element elementor-element-1b28cbc elementor-widget__width-inherit elementor-repeater-item-none elementor-repeater-item-none_hover elementor-widget elementor-widget-heading\" data-id=\"1b28cbc\" data-element_type=\"widget\" data-e-type=\"widget\" data-widget_type=\"heading.default\">\n\t\t\t\t<div class=\"elementor-widget-container\">\n\t\t\t\t\t<h2 class=\"elementor-heading-title elementor-size-default\">Kirchenf\u00fchrungen im Landkreis Dachau<\/h2>\t\t\t\t<\/div>\n\t\t\t\t<\/div>\n\t\t\t\t<div class=\"elementor-element elementor-element-27afded elementor-repeater-item-none elementor-repeater-item-none_hover elementor-widget elementor-widget-text-editor\" data-id=\"27afded\" data-element_type=\"widget\" data-e-type=\"widget\" data-widget_type=\"text-editor.default\">\n\t\t\t\t<div class=\"elementor-widget-container\">\n\t\t\t\t\t\t\t\t\t<p>F\u00fchrungen auf ehrenamtlicher Spendenbasis, buchbar \u00fcber den jeweiligen Pfarrverband.<br \/>Aktuelle Informationen zu Kirchenf\u00fchrungen im Landkreis Dachau finden Sie hier:<\/p>\t\t\t\t\t\t\t\t<\/div>\n\t\t\t\t<\/div>\n\t\t\t\t<div class=\"elementor-element elementor-element-b0ef2ae elementor-widget__width-inherit hover-grow elementor-icon-list--layout-traditional elementor-list-item-link-full_width elementor-repeater-item-none elementor-repeater-item-none_hover elementor-widget elementor-widget-icon-list\" data-id=\"b0ef2ae\" data-element_type=\"widget\" data-e-type=\"widget\" data-widget_type=\"icon-list.default\">\n\t\t\t\t<div class=\"elementor-widget-container\">\n\t\t\t\t\t\t\t<ul class=\"elementor-icon-list-items\">\n\t\t\t\t\t\t\t<li class=\"elementor-icon-list-item\">\n\t\t\t\t\t\t\t\t\t\t\t<a href=\"https:\/\/www.dachauer-forum.de\/projekte\/kirchenfuehrungen.html\" target=\"_blank\" rel=\"noopener noreferrer nofollow\">\n\n\t\t\t\t\t\t\t\t\t\t\t\t<span class=\"elementor-icon-list-icon\">\n\t\t\t\t\t\t\t<svg aria-hidden=\"true\" class=\"e-font-icon-svg e-fas-external-link-square-alt\" viewBox=\"0 0 448 512\" xmlns=\"http:\/\/www.w3.org\/2000\/svg\"><path d=\"M448 80v352c0 26.51-21.49 48-48 48H48c-26.51 0-48-21.49-48-48V80c0-26.51 21.49-48 48-48h352c26.51 0 48 21.49 48 48zm-88 16H248.029c-21.313 0-32.08 25.861-16.971 40.971l31.984 31.987L67.515 364.485c-4.686 4.686-4.686 12.284 0 16.971l31.029 31.029c4.687 4.686 12.285 4.686 16.971 0l195.526-195.526 31.988 31.991C358.058 263.977 384 253.425 384 231.979V120c0-13.255-10.745-24-24-24z\"><\/path><\/svg>\t\t\t\t\t\t<\/span>\n\t\t\t\t\t\t\t\t\t\t<span class=\"elementor-icon-list-text\">Website Dachauer Forum<\/span>\n\t\t\t\t\t\t\t\t\t\t\t<\/a>\n\t\t\t\t\t\t\t\t\t<\/li>\n\t\t\t\t\t\t<\/ul>\n\t\t\t\t\t\t<\/div>\n\t\t\t\t<\/div>\n\t\t\t\t<\/div>\n\t\t\t\t<\/div>\n\t\t\t\t\t<\/div>\n\t\t\t\t<\/div>\n\t\t\t\t<\/div>\n\t\t","protected":false},"excerpt":{"rendered":"<p>Stadtf\u00fchrungen in Dachau \u2013 Geschichte, Kunst und Natur erleben Entdecken Sie bei einer abwechslungsreichen Stadtf\u00fchrung in Dachau die bekanntesten\u00a0 Sehensw\u00fcrdigkeiten in der historischen Altstadt. Spannende Geschichten aus \u00fcber 1.200 Jahren Stadtgeschichte werden unterhaltsam pr\u00e4sentiert. Nur wenige Kilometer von M\u00fcnchen entfernt ist Dachau das ideale Ziel f\u00fcr einen Ausflug von M\u00fcnchen oder einen besonderen Tagesausflug im [&hellip;]<\/p>\n","protected":false},"author":8,"featured_media":50010,"parent":0,"menu_order":0,"comment_status":"closed","ping_status":"closed","template":"","meta":{"iawp_total_views":2436,"footnotes":""},"class_list":["post-52263","page","type-page","status-publish","has-post-thumbnail","hentry"],"yoast_head":"<!-- This site is optimized with the Yoast SEO plugin v28.3 - https:\/\/yoast.com\/product\/yoast-seo-wordpress\/ -->\n<title>Stadtf\u00fchrungen - Dachau Tourismus<\/title>\n<meta name=\"description\" content=\"Stadtf\u00fchrung Dachau erleben \u2713 Altstadt entdecken \u2713 Perfekt f\u00fcr Ausflug von M\u00fcnchen \u2713 Jetzt F\u00fchrung buchen!\" \/>\n<meta name=\"robots\" content=\"index, follow, max-snippet:-1, max-image-preview:large, max-video-preview:-1\" \/>\n<link rel=\"canonical\" href=\"https:\/\/www.tourismus.dachau.de\/it\/stadtfuehrungen\/\" \/>\n<meta property=\"og:locale\" content=\"it_IT\" \/>\n<meta property=\"og:type\" content=\"article\" \/>\n<meta property=\"og:title\" content=\"Stadtf\u00fchrungen - Dachau Tourismus\" \/>\n<meta property=\"og:description\" content=\"Stadtf\u00fchrung Dachau erleben \u2713 Altstadt entdecken \u2713 Perfekt f\u00fcr Ausflug von M\u00fcnchen \u2713 Jetzt F\u00fchrung buchen!\" \/>\n<meta property=\"og:url\" content=\"https:\/\/www.tourismus.dachau.de\/it\/stadtfuehrungen\/\" \/>\n<meta property=\"og:site_name\" content=\"Dachau Tourismus\" \/>\n<meta property=\"article:modified_time\" content=\"2026-09-01T13:04:52+00:00\" \/>\n<meta property=\"og:image\" content=\"https:\/\/www.tourismus.dachau.de\/wp-content\/uploads\/2025\/11\/5A9A4405.JPG_compressed.jpeg\" \/>\n\t<meta property=\"og:image:width\" content=\"1919\" \/>\n\t<meta property=\"og:image:height\" content=\"1280\" \/>\n\t<meta property=\"og:image:type\" content=\"image\/jpeg\" \/>\n<meta name=\"twitter:card\" content=\"summary_large_image\" \/>\n<meta name=\"twitter:label1\" content=\"Tempo di lettura stimato\" \/>\n\t<meta name=\"twitter:data1\" content=\"4 minuti\" \/>\n<script type=\"application\/ld+json\" class=\"yoast-schema-graph\">{\"@context\":\"https:\\\/\\\/schema.org\",\"@graph\":[{\"@type\":\"WebPage\",\"@id\":\"https:\\\/\\\/www.tourismus.dachau.de\\\/stadtfuehrungen\\\/\",\"url\":\"https:\\\/\\\/www.tourismus.dachau.de\\\/stadtfuehrungen\\\/\",\"name\":\"Stadtf\u00fchrungen - Dachau Tourismus\",\"isPartOf\":{\"@id\":\"https:\\\/\\\/www.tourismus.dachau.de\\\/#website\"},\"primaryImageOfPage\":{\"@id\":\"https:\\\/\\\/www.tourismus.dachau.de\\\/stadtfuehrungen\\\/#primaryimage\"},\"image\":{\"@id\":\"https:\\\/\\\/www.tourismus.dachau.de\\\/stadtfuehrungen\\\/#primaryimage\"},\"thumbnailUrl\":\"https:\\\/\\\/www.tourismus.dachau.de\\\/wp-content\\\/uploads\\\/2025\\\/11\\\/5A9A4405.JPG_compressed.jpeg\",\"datePublished\":\"2026-02-05T08:56:40+00:00\",\"dateModified\":\"2026-09-01T13:04:52+00:00\",\"description\":\"Stadtf\u00fchrung Dachau erleben \u2713 Altstadt entdecken \u2713 Perfekt f\u00fcr Ausflug von M\u00fcnchen \u2713 Jetzt F\u00fchrung buchen!\",\"breadcrumb\":{\"@id\":\"https:\\\/\\\/www.tourismus.dachau.de\\\/stadtfuehrungen\\\/#breadcrumb\"},\"inLanguage\":\"it-IT\",\"potentialAction\":[{\"@type\":\"ReadAction\",\"target\":[\"https:\\\/\\\/www.tourismus.dachau.de\\\/stadtfuehrungen\\\/\"]}]},{\"@type\":\"ImageObject\",\"inLanguage\":\"it-IT\",\"@id\":\"https:\\\/\\\/www.tourismus.dachau.de\\\/stadtfuehrungen\\\/#primaryimage\",\"url\":\"https:\\\/\\\/www.tourismus.dachau.de\\\/wp-content\\\/uploads\\\/2025\\\/11\\\/5A9A4405.JPG_compressed.jpeg\",\"contentUrl\":\"https:\\\/\\\/www.tourismus.dachau.de\\\/wp-content\\\/uploads\\\/2025\\\/11\\\/5A9A4405.JPG_compressed.jpeg\",\"width\":1919,\"height\":1280},{\"@type\":\"BreadcrumbList\",\"@id\":\"https:\\\/\\\/www.tourismus.dachau.de\\\/stadtfuehrungen\\\/#breadcrumb\",\"itemListElement\":[{\"@type\":\"ListItem\",\"position\":1,\"name\":\"Startseite\",\"item\":\"https:\\\/\\\/www.tourismus.dachau.de\\\/\"},{\"@type\":\"ListItem\",\"position\":2,\"name\":\"Stadtf\u00fchrungen\"}]},{\"@type\":\"WebSite\",\"@id\":\"https:\\\/\\\/www.tourismus.dachau.de\\\/#website\",\"url\":\"https:\\\/\\\/www.tourismus.dachau.de\\\/\",\"name\":\"Dachau Tourismus\",\"description\":\"Wir freuen uns \u00fcber Ihren Besuch auf unserer Website.\",\"publisher\":{\"@id\":\"https:\\\/\\\/www.tourismus.dachau.de\\\/#organization\"},\"potentialAction\":[{\"@type\":\"SearchAction\",\"target\":{\"@type\":\"EntryPoint\",\"urlTemplate\":\"https:\\\/\\\/www.tourismus.dachau.de\\\/?s={search_term_string}\"},\"query-input\":{\"@type\":\"PropertyValueSpecification\",\"valueRequired\":true,\"valueName\":\"search_term_string\"}}],\"inLanguage\":\"it-IT\"},{\"@type\":\"Organization\",\"@id\":\"https:\\\/\\\/www.tourismus.dachau.de\\\/#organization\",\"name\":\"Dachau Tourismus\",\"url\":\"https:\\\/\\\/www.tourismus.dachau.de\\\/\",\"logo\":{\"@type\":\"ImageObject\",\"inLanguage\":\"it-IT\",\"@id\":\"https:\\\/\\\/www.tourismus.dachau.de\\\/#\\\/schema\\\/logo\\\/image\\\/\",\"url\":\"\",\"contentUrl\":\"\",\"caption\":\"Dachau Tourismus\"},\"image\":{\"@id\":\"https:\\\/\\\/www.tourismus.dachau.de\\\/#\\\/schema\\\/logo\\\/image\\\/\"}}]}<\/script>\n<!-- \/ Yoast SEO plugin. -->","yoast_head_json":{"title":"Visite guidate - Dachau Tourismus","description":"Visita guidata di Dachau V Vivi il centro storico V Perfetto per una gita da Monaco V Prenota subito la visita!","robots":{"index":"index","follow":"follow","max-snippet":"max-snippet:-1","max-image-preview":"max-image-preview:large","max-video-preview":"max-video-preview:-1"},"canonical":"https:\/\/www.tourismus.dachau.de\/it\/stadtfuehrungen\/","og_locale":"it_IT","og_type":"article","og_title":"Stadtf\u00fchrungen - Dachau Tourismus","og_description":"Stadtf\u00fchrung Dachau erleben \u2713 Altstadt entdecken \u2713 Perfekt f\u00fcr Ausflug von M\u00fcnchen \u2713 Jetzt F\u00fchrung buchen!","og_url":"https:\/\/www.tourismus.dachau.de\/it\/stadtfuehrungen\/","og_site_name":"Dachau Tourismus","article_modified_time":"2026-09-01T13:04:52+00:00","og_image":[{"width":1919,"height":1280,"url":"https:\/\/www.tourismus.dachau.de\/wp-content\/uploads\/2025\/11\/5A9A4405.JPG_compressed.jpeg","type":"image\/jpeg"}],"twitter_card":"summary_large_image","twitter_misc":{"Tempo di lettura stimato":"4 minuti"},"schema":{"@context":"https:\/\/schema.org","@graph":[{"@type":"WebPage","@id":"https:\/\/www.tourismus.dachau.de\/stadtfuehrungen\/","url":"https:\/\/www.tourismus.dachau.de\/stadtfuehrungen\/","name":"Visite guidate - Dachau Tourismus","isPartOf":{"@id":"https:\/\/www.tourismus.dachau.de\/#website"},"primaryImageOfPage":{"@id":"https:\/\/www.tourismus.dachau.de\/stadtfuehrungen\/#primaryimage"},"image":{"@id":"https:\/\/www.tourismus.dachau.de\/stadtfuehrungen\/#primaryimage"},"thumbnailUrl":"https:\/\/www.tourismus.dachau.de\/wp-content\/uploads\/2025\/11\/5A9A4405.JPG_compressed.jpeg","datePublished":"2026-02-05T08:56:40+00:00","dateModified":"2026-09-01T13:04:52+00:00","description":"Visita guidata di Dachau V Vivi il centro storico V Perfetto per una gita da Monaco V Prenota subito la visita!","breadcrumb":{"@id":"https:\/\/www.tourismus.dachau.de\/stadtfuehrungen\/#breadcrumb"},"inLanguage":"it-IT","potentialAction":[{"@type":"ReadAction","target":["https:\/\/www.tourismus.dachau.de\/stadtfuehrungen\/"]}]},{"@type":"ImageObject","inLanguage":"it-IT","@id":"https:\/\/www.tourismus.dachau.de\/stadtfuehrungen\/#primaryimage","url":"https:\/\/www.tourismus.dachau.de\/wp-content\/uploads\/2025\/11\/5A9A4405.JPG_compressed.jpeg","contentUrl":"https:\/\/www.tourismus.dachau.de\/wp-content\/uploads\/2025\/11\/5A9A4405.JPG_compressed.jpeg","width":1919,"height":1280},{"@type":"BreadcrumbList","@id":"https:\/\/www.tourismus.dachau.de\/stadtfuehrungen\/#breadcrumb","itemListElement":[{"@type":"ListItem","position":1,"name":"Startseite","item":"https:\/\/www.tourismus.dachau.de\/"},{"@type":"ListItem","position":2,"name":"Stadtf\u00fchrungen"}]},{"@type":"WebSite","@id":"https:\/\/www.tourismus.dachau.de\/#website","url":"https:\/\/www.tourismus.dachau.de\/","name":"Turismo a Dachau","description":"Vi aspettiamo per una visita al nostro sito web.","publisher":{"@id":"https:\/\/www.tourismus.dachau.de\/#organization"},"potentialAction":[{"@type":"SearchAction","target":{"@type":"EntryPoint","urlTemplate":"https:\/\/www.tourismus.dachau.de\/?s={search_term_string}"},"query-input":{"@type":"PropertyValueSpecification","valueRequired":true,"valueName":"search_term_string"}}],"inLanguage":"it-IT"},{"@type":"Organization","@id":"https:\/\/www.tourismus.dachau.de\/#organization","name":"Turismo a Dachau","url":"https:\/\/www.tourismus.dachau.de\/","logo":{"@type":"ImageObject","inLanguage":"it-IT","@id":"https:\/\/www.tourismus.dachau.de\/#\/schema\/logo\/image\/","url":"","contentUrl":"","caption":"Dachau Tourismus"},"image":{"@id":"https:\/\/www.tourismus.dachau.de\/#\/schema\/logo\/image\/"}}]}},"_links":{"self":[{"href":"https:\/\/www.tourismus.dachau.de\/it\/wp-json\/wp\/v2\/pages\/52263","targetHints":{"allow":["GET"]}}],"collection":[{"href":"https:\/\/www.tourismus.dachau.de\/it\/wp-json\/wp\/v2\/pages"}],"about":[{"href":"https:\/\/www.tourismus.dachau.de\/it\/wp-json\/wp\/v2\/types\/page"}],"author":[{"embeddable":true,"href":"https:\/\/www.tourismus.dachau.de\/it\/wp-json\/wp\/v2\/users\/8"}],"replies":[{"embeddable":true,"href":"https:\/\/www.tourismus.dachau.de\/it\/wp-json\/wp\/v2\/comments?post=52263"}],"version-history":[{"count":10,"href":"https:\/\/www.tourismus.dachau.de\/it\/wp-json\/wp\/v2\/pages\/52263\/revisions"}],"predecessor-version":[{"id":54192,"href":"https:\/\/www.tourismus.dachau.de\/it\/wp-json\/wp\/v2\/pages\/52263\/revisions\/54192"}],"wp:attachment":[{"href":"https:\/\/www.tourismus.dachau.de\/it\/wp-json\/wp\/v2\/media?parent=52263"}],"curies":[{"name":"wp","href":"https:\/\/api.w.org\/{rel}","templated":true}]}}